{"id":771,"date":"2021-06-19T16:59:45","date_gmt":"2021-06-19T14:59:45","guid":{"rendered":"http:\/\/lumynescence.fr\/?page_id=771"},"modified":"2025-01-20T20:53:59","modified_gmt":"2025-01-20T19:53:59","slug":"accompagner-les-managers-et-leurs-equipes-face-a-la-crise-2","status":"publish","type":"page","link":"https:\/\/lumynescence.fr\/index.php\/accompagner-les-managers-et-leurs-equipes-face-a-la-crise-2\/","title":{"rendered":"Accompagner les managers et leurs \u00e9quipes face \u00e0 la crise"},"content":{"rendered":"\t\t<div data-elementor-type=\"wp-page\" data-elementor-id=\"771\" class=\"elementor elementor-771\" data-elementor-post-type=\"page\">\n\t\t\t\t\t\t<section class=\"elementor-section elementor-top-section elementor-element elementor-element-64d25c9 elementor-section-boxed elementor-section-height-default elementor-section-height-default\" data-id=\"64d25c9\" data-element_type=\"section\" data-e-type=\"section\">\n\t\t\t\t\t\t<div class=\"elementor-container elementor-column-gap-default\">\n\t\t\t\t\t<div class=\"elementor-column elementor-col-100 elementor-top-column elementor-element elementor-element-89ee417\" data-id=\"89ee417\" data-element_type=\"column\" data-e-type=\"column\">\n\t\t\t<div class=\"elementor-widget-wrap\">\n\t\t\t\t\t\t\t<\/div>\n\t\t<\/div>\n\t\t\t\t\t<\/div>\n\t\t<\/section>\n\t\t\t\t<section class=\"elementor-section elementor-top-section elementor-element elementor-element-f7667c9 elementor-section-full_width elementor-section-height-default elementor-section-height-default\" data-id=\"f7667c9\" data-element_type=\"section\" data-e-type=\"section\" data-settings=\"{&quot;background_background&quot;:&quot;classic&quot;}\">\n\t\t\t\t\t\t\t<div class=\"elementor-background-overlay\"><\/div>\n\t\t\t\t\t\t\t<div class=\"elementor-container elementor-column-gap-default\">\n\t\t\t\t\t<div class=\"elementor-column elementor-col-33 elementor-top-column elementor-element elementor-element-a0a44ce\" data-id=\"a0a44ce\" data-element_type=\"column\" data-e-type=\"column\" data-settings=\"{&quot;background_background&quot;:&quot;classic&quot;}\">\n\t\t\t<div class=\"elementor-widget-wrap elementor-element-populated\">\n\t\t\t\t\t\t<div class=\"elementor-element elementor-element-8eb547b elementor-widget elementor-widget-image\" data-id=\"8eb547b\" data-element_type=\"widget\" data-e-type=\"widget\" data-widget_type=\"image.default\">\n\t\t\t\t<div class=\"elementor-widget-container\">\n\t\t\t\t\t\t\t\t\t\t\t\t\t\t\t\t<a href=\"https:\/\/lumynescence.fr\/index.php\/accueil-lumynescence\/\">\n\t\t\t\t\t\t\t<img decoding=\"async\" width=\"300\" height=\"159\" src=\"https:\/\/lumynescence.fr\/wp-content\/uploads\/2025\/01\/Logo-Luminescence-blanc-02-300x159.png\" class=\"attachment-medium size-medium wp-image-2015\" alt=\"\" srcset=\"https:\/\/lumynescence.fr\/wp-content\/uploads\/2025\/01\/Logo-Luminescence-blanc-02-300x159.png 300w, https:\/\/lumynescence.fr\/wp-content\/uploads\/2025\/01\/Logo-Luminescence-blanc-02.png 544w\" sizes=\"(max-width: 300px) 100vw, 300px\" \/>\t\t\t\t\t\t\t\t<\/a>\n\t\t\t\t\t\t\t\t\t\t\t\t\t\t\t<\/div>\n\t\t\t\t<\/div>\n\t\t\t\t\t<\/div>\n\t\t<\/div>\n\t\t\t\t<div class=\"elementor-column elementor-col-33 elementor-top-column elementor-element elementor-element-6ce9f88\" data-id=\"6ce9f88\" data-element_type=\"column\" data-e-type=\"column\" data-settings=\"{&quot;background_background&quot;:&quot;classic&quot;}\">\n\t\t\t<div class=\"elementor-widget-wrap elementor-element-populated\">\n\t\t\t\t\t\t<div class=\"elementor-element elementor-element-58fc897 elementor-widget elementor-widget-heading\" data-id=\"58fc897\" data-element_type=\"widget\" data-e-type=\"widget\" data-widget_type=\"heading.default\">\n\t\t\t\t<div class=\"elementor-widget-container\">\n\t\t\t\t\t<h2 class=\"elementor-heading-title elementor-size-default\">C\u00e9cile FONTAINE\n\n\n\n<\/h2>\t\t\t\t<\/div>\n\t\t\t\t<\/div>\n\t\t\t\t\t<\/div>\n\t\t<\/div>\n\t\t\t\t<div class=\"elementor-column elementor-col-33 elementor-top-column elementor-element elementor-element-17cde24\" data-id=\"17cde24\" data-element_type=\"column\" data-e-type=\"column\">\n\t\t\t<div class=\"elementor-widget-wrap\">\n\t\t\t\t\t\t\t<\/div>\n\t\t<\/div>\n\t\t\t\t\t<\/div>\n\t\t<\/section>\n\t\t\t\t<section class=\"elementor-section elementor-top-section elementor-element elementor-element-dc14ead elementor-section-boxed elementor-section-height-default elementor-section-height-default\" data-id=\"dc14ead\" data-element_type=\"section\" data-e-type=\"section\">\n\t\t\t\t\t\t<div class=\"elementor-container elementor-column-gap-default\">\n\t\t\t\t\t<div class=\"elementor-column elementor-col-100 elementor-top-column elementor-element elementor-element-810cc7f\" data-id=\"810cc7f\" data-element_type=\"column\" data-e-type=\"column\">\n\t\t\t<div class=\"elementor-widget-wrap elementor-element-populated\">\n\t\t\t\t\t\t<div class=\"elementor-element elementor-element-fb063b4 elementor-nav-menu--dropdown-tablet elementor-nav-menu__text-align-aside elementor-nav-menu--toggle elementor-nav-menu--burger elementor-widget elementor-widget-nav-menu\" data-id=\"fb063b4\" data-element_type=\"widget\" data-e-type=\"widget\" data-settings=\"{&quot;layout&quot;:&quot;horizontal&quot;,&quot;submenu_icon&quot;:{&quot;value&quot;:&quot;&lt;i class=\\&quot;fas fa-caret-down\\&quot;&gt;&lt;\\\/i&gt;&quot;,&quot;library&quot;:&quot;fa-solid&quot;},&quot;toggle&quot;:&quot;burger&quot;}\" data-widget_type=\"nav-menu.default\">\n\t\t\t\t<div class=\"elementor-widget-container\">\n\t\t\t\t\t\t\t\t<nav aria-label=\"Menu\" class=\"elementor-nav-menu--main elementor-nav-menu__container elementor-nav-menu--layout-horizontal e--pointer-underline e--animation-fade\">\n\t\t\t\t<ul id=\"menu-1-fb063b4\" class=\"elementor-nav-menu\"><li class=\"menu-item menu-item-type-post_type menu-item-object-page menu-item-2180\"><a href=\"https:\/\/lumynescence.fr\/index.php\/l1g-pourquoi-lumynescence\/\" class=\"elementor-item\">LumYnescence<\/a><\/li>\n<li class=\"menu-item menu-item-type-post_type menu-item-object-page menu-item-2191\"><a href=\"https:\/\/lumynescence.fr\/index.php\/l2g-qui-sommes-nous\/\" class=\"elementor-item\">Qui sommes-nous?<\/a><\/li>\n<li class=\"menu-item menu-item-type-post_type menu-item-object-page menu-item-2216\"><a href=\"https:\/\/lumynescence.fr\/index.php\/l3g-ce-qui-nous-anime\/\" class=\"elementor-item\">Ce qui nous anime<\/a><\/li>\n<li class=\"menu-item menu-item-type-post_type menu-item-object-page menu-item-2215\"><a href=\"https:\/\/lumynescence.fr\/index.php\/l4g-quelle-est-la-methode\/\" class=\"elementor-item\">Des m\u00e9thodes av\u00e9r\u00e9es<\/a><\/li>\n<li class=\"menu-item menu-item-type-post_type menu-item-object-page menu-item-has-children menu-item-2272\"><a href=\"https:\/\/lumynescence.fr\/index.php\/l6g-nos-formations\/\" class=\"elementor-item\">Nos formations<\/a>\n<ul class=\"sub-menu elementor-nav-menu--dropdown\">\n\t<li class=\"menu-item menu-item-type-post_type menu-item-object-page menu-item-2448\"><a href=\"https:\/\/lumynescence.fr\/index.php\/l6g-nos-formations\/\" class=\"elementor-sub-item\">Formation \u2013 Pr\u00e9ambule<\/a><\/li>\n\t<li class=\"menu-item menu-item-type-custom menu-item-object-custom menu-item-1743\"><a href=\"https:\/\/lumynescence.fr\/wp-content\/uploads\/2023\/06\/CATALOGUE-2023-V12.pdf\" class=\"elementor-sub-item\">Catalogue<\/a><\/li>\n\t<li class=\"menu-item menu-item-type-post_type menu-item-object-page menu-item-1739\"><a href=\"https:\/\/lumynescence.fr\/index.php\/la-gestion-du-temps-dune-gestion-subie-a-une-gestion-choisie-de-son-temps\/\" class=\"elementor-sub-item\">La gestion du temps, d&rsquo;une gestion subie \u00e0 une gestion choisie de son temps<\/a><\/li>\n\t<li class=\"menu-item menu-item-type-post_type menu-item-object-page menu-item-1740\"><a href=\"https:\/\/lumynescence.fr\/index.php\/formation-ref-md-1-2021-mieux-se-connaitre-pour-mieux-communiquer\/\" class=\"elementor-sub-item\">Mieux se conna\u00eetre pour mieux communiquer<\/a><\/li>\n\t<li class=\"menu-item menu-item-type-post_type menu-item-object-page menu-item-1742\"><a href=\"https:\/\/lumynescence.fr\/index.php\/elaboration-dune-vision-partagee-de-notre-entreprise\/\" class=\"elementor-sub-item\">Elaboration d&rsquo;une vision partag\u00e9e de notre entreprise<\/a><\/li>\n\t<li class=\"menu-item menu-item-type-post_type menu-item-object-page menu-item-1736\"><a href=\"https:\/\/lumynescence.fr\/index.php\/accompagner-les-managers-et-leurs-equipes-face-a-la-crise-2\/\" class=\"elementor-sub-item\">Accompagner les managers et leurs \u00e9quipes face \u00e0 la crise<\/a><\/li>\n\t<li class=\"menu-item menu-item-type-post_type menu-item-object-page menu-item-1741\"><a href=\"https:\/\/lumynescence.fr\/index.php\/reconnaitre-et-affirmer-son-style-de-leadership-leadership\/\" class=\"elementor-sub-item\">Reconnaitre et affirmer son style de leadership<\/a><\/li>\n\t<li class=\"menu-item menu-item-type-post_type menu-item-object-page menu-item-1737\"><a href=\"https:\/\/lumynescence.fr\/index.php\/developper-la-relation-client-par-une-communication-adaptee\/\" class=\"elementor-sub-item\">D\u00e9velopper la relation client par une communication adapt\u00e9e<\/a><\/li>\n<\/ul>\n<\/li>\n<li class=\"menu-item menu-item-type-post_type menu-item-object-page menu-item-2273\"><a href=\"https:\/\/lumynescence.fr\/index.php\/l7g-contact\/\" class=\"elementor-item\">Contact<\/a><\/li>\n<li class=\"menu-item menu-item-type-post_type menu-item-object-page menu-item-2280\"><a href=\"https:\/\/lumynescence.fr\/index.php\/l9g-personnes-en-situation-de-handicap\/\" class=\"elementor-item\">PSH<\/a><\/li>\n<li class=\"menu-item menu-item-type-post_type menu-item-object-page menu-item-2010\"><a href=\"https:\/\/lumynescence.fr\/index.php\/accueil-psycho-integrative\/\" class=\"elementor-item\">Psycho-Int\u00e9grative<\/a><\/li>\n<\/ul>\t\t\t<\/nav>\n\t\t\t\t\t<div class=\"elementor-menu-toggle\" role=\"button\" tabindex=\"0\" aria-label=\"Permuter le menu\" aria-expanded=\"false\">\n\t\t\t<i aria-hidden=\"true\" role=\"presentation\" class=\"elementor-menu-toggle__icon--open eicon-menu-bar\"><\/i><i aria-hidden=\"true\" role=\"presentation\" class=\"elementor-menu-toggle__icon--close eicon-close\"><\/i>\t\t<\/div>\n\t\t\t\t\t<nav class=\"elementor-nav-menu--dropdown elementor-nav-menu__container\" aria-hidden=\"true\">\n\t\t\t\t<ul id=\"menu-2-fb063b4\" class=\"elementor-nav-menu\"><li class=\"menu-item menu-item-type-post_type menu-item-object-page menu-item-2180\"><a href=\"https:\/\/lumynescence.fr\/index.php\/l1g-pourquoi-lumynescence\/\" class=\"elementor-item\" tabindex=\"-1\">LumYnescence<\/a><\/li>\n<li class=\"menu-item menu-item-type-post_type menu-item-object-page menu-item-2191\"><a href=\"https:\/\/lumynescence.fr\/index.php\/l2g-qui-sommes-nous\/\" class=\"elementor-item\" tabindex=\"-1\">Qui sommes-nous?<\/a><\/li>\n<li class=\"menu-item menu-item-type-post_type menu-item-object-page menu-item-2216\"><a href=\"https:\/\/lumynescence.fr\/index.php\/l3g-ce-qui-nous-anime\/\" class=\"elementor-item\" tabindex=\"-1\">Ce qui nous anime<\/a><\/li>\n<li class=\"menu-item menu-item-type-post_type menu-item-object-page menu-item-2215\"><a href=\"https:\/\/lumynescence.fr\/index.php\/l4g-quelle-est-la-methode\/\" class=\"elementor-item\" tabindex=\"-1\">Des m\u00e9thodes av\u00e9r\u00e9es<\/a><\/li>\n<li class=\"menu-item menu-item-type-post_type menu-item-object-page menu-item-has-children menu-item-2272\"><a href=\"https:\/\/lumynescence.fr\/index.php\/l6g-nos-formations\/\" class=\"elementor-item\" tabindex=\"-1\">Nos formations<\/a>\n<ul class=\"sub-menu elementor-nav-menu--dropdown\">\n\t<li class=\"menu-item menu-item-type-post_type menu-item-object-page menu-item-2448\"><a href=\"https:\/\/lumynescence.fr\/index.php\/l6g-nos-formations\/\" class=\"elementor-sub-item\" tabindex=\"-1\">Formation \u2013 Pr\u00e9ambule<\/a><\/li>\n\t<li class=\"menu-item menu-item-type-custom menu-item-object-custom menu-item-1743\"><a href=\"https:\/\/lumynescence.fr\/wp-content\/uploads\/2023\/06\/CATALOGUE-2023-V12.pdf\" class=\"elementor-sub-item\" tabindex=\"-1\">Catalogue<\/a><\/li>\n\t<li class=\"menu-item menu-item-type-post_type menu-item-object-page menu-item-1739\"><a href=\"https:\/\/lumynescence.fr\/index.php\/la-gestion-du-temps-dune-gestion-subie-a-une-gestion-choisie-de-son-temps\/\" class=\"elementor-sub-item\" tabindex=\"-1\">La gestion du temps, d&rsquo;une gestion subie \u00e0 une gestion choisie de son temps<\/a><\/li>\n\t<li class=\"menu-item menu-item-type-post_type menu-item-object-page menu-item-1740\"><a href=\"https:\/\/lumynescence.fr\/index.php\/formation-ref-md-1-2021-mieux-se-connaitre-pour-mieux-communiquer\/\" class=\"elementor-sub-item\" tabindex=\"-1\">Mieux se conna\u00eetre pour mieux communiquer<\/a><\/li>\n\t<li class=\"menu-item menu-item-type-post_type menu-item-object-page menu-item-1742\"><a href=\"https:\/\/lumynescence.fr\/index.php\/elaboration-dune-vision-partagee-de-notre-entreprise\/\" class=\"elementor-sub-item\" tabindex=\"-1\">Elaboration d&rsquo;une vision partag\u00e9e de notre entreprise<\/a><\/li>\n\t<li class=\"menu-item menu-item-type-post_type menu-item-object-page menu-item-1736\"><a href=\"https:\/\/lumynescence.fr\/index.php\/accompagner-les-managers-et-leurs-equipes-face-a-la-crise-2\/\" class=\"elementor-sub-item\" tabindex=\"-1\">Accompagner les managers et leurs \u00e9quipes face \u00e0 la crise<\/a><\/li>\n\t<li class=\"menu-item menu-item-type-post_type menu-item-object-page menu-item-1741\"><a href=\"https:\/\/lumynescence.fr\/index.php\/reconnaitre-et-affirmer-son-style-de-leadership-leadership\/\" class=\"elementor-sub-item\" tabindex=\"-1\">Reconnaitre et affirmer son style de leadership<\/a><\/li>\n\t<li class=\"menu-item menu-item-type-post_type menu-item-object-page menu-item-1737\"><a href=\"https:\/\/lumynescence.fr\/index.php\/developper-la-relation-client-par-une-communication-adaptee\/\" class=\"elementor-sub-item\" tabindex=\"-1\">D\u00e9velopper la relation client par une communication adapt\u00e9e<\/a><\/li>\n<\/ul>\n<\/li>\n<li class=\"menu-item menu-item-type-post_type menu-item-object-page menu-item-2273\"><a href=\"https:\/\/lumynescence.fr\/index.php\/l7g-contact\/\" class=\"elementor-item\" tabindex=\"-1\">Contact<\/a><\/li>\n<li class=\"menu-item menu-item-type-post_type menu-item-object-page menu-item-2280\"><a href=\"https:\/\/lumynescence.fr\/index.php\/l9g-personnes-en-situation-de-handicap\/\" class=\"elementor-item\" tabindex=\"-1\">PSH<\/a><\/li>\n<li class=\"menu-item menu-item-type-post_type menu-item-object-page menu-item-2010\"><a href=\"https:\/\/lumynescence.fr\/index.php\/accueil-psycho-integrative\/\" class=\"elementor-item\" tabindex=\"-1\">Psycho-Int\u00e9grative<\/a><\/li>\n<\/ul>\t\t\t<\/nav>\n\t\t\t\t\t\t<\/div>\n\t\t\t\t<\/div>\n\t\t\t\t\t<\/div>\n\t\t<\/div>\n\t\t\t\t\t<\/div>\n\t\t<\/section>\n\t\t\t\t<section class=\"elementor-section elementor-top-section elementor-element elementor-element-c7261b0 elementor-section-full_width elementor-section-height-default elementor-section-height-default\" data-id=\"c7261b0\" data-element_type=\"section\" data-e-type=\"section\">\n\t\t\t\t\t\t<div class=\"elementor-container elementor-column-gap-default\">\n\t\t\t\t\t<div class=\"elementor-column elementor-col-100 elementor-top-column elementor-element elementor-element-52f5dad\" data-id=\"52f5dad\" data-element_type=\"column\" data-e-type=\"column\">\n\t\t\t<div class=\"elementor-widget-wrap elementor-element-populated\">\n\t\t\t\t\t\t<div class=\"elementor-element elementor-element-db69c49 elementor-widget elementor-widget-heading\" data-id=\"db69c49\" data-element_type=\"widget\" data-e-type=\"widget\" data-widget_type=\"heading.default\">\n\t\t\t\t<div class=\"elementor-widget-container\">\n\t\t\t\t\t<h2 class=\"elementor-heading-title elementor-size-default\">Accompagner les managers et leurs \u00e9quipes face \u00e0 la crise<\/h2>\t\t\t\t<\/div>\n\t\t\t\t<\/div>\n\t\t\t\t\t<\/div>\n\t\t<\/div>\n\t\t\t\t\t<\/div>\n\t\t<\/section>\n\t\t\t\t<section class=\"elementor-section elementor-top-section elementor-element elementor-element-4a4927c elementor-section-boxed elementor-section-height-default elementor-section-height-default\" data-id=\"4a4927c\" data-element_type=\"section\" data-e-type=\"section\">\n\t\t\t\t\t\t<div class=\"elementor-container elementor-column-gap-default\">\n\t\t\t\t\t<div class=\"elementor-column elementor-col-100 elementor-top-column elementor-element elementor-element-78ee3b6\" data-id=\"78ee3b6\" data-element_type=\"column\" data-e-type=\"column\">\n\t\t\t<div class=\"elementor-widget-wrap\">\n\t\t\t\t\t\t\t<\/div>\n\t\t<\/div>\n\t\t\t\t\t<\/div>\n\t\t<\/section>\n\t\t\t\t<section class=\"elementor-section elementor-top-section elementor-element elementor-element-c3400c4 elementor-section-full_width elementor-section-stretched elementor-section-height-default elementor-section-height-default\" data-id=\"c3400c4\" data-element_type=\"section\" data-e-type=\"section\" data-settings=\"{&quot;stretch_section&quot;:&quot;section-stretched&quot;}\">\n\t\t\t\t\t\t<div class=\"elementor-container elementor-column-gap-default\">\n\t\t\t\t\t<div class=\"elementor-column elementor-col-100 elementor-top-column elementor-element elementor-element-2c1974a\" data-id=\"2c1974a\" data-element_type=\"column\" data-e-type=\"column\">\n\t\t\t<div class=\"elementor-widget-wrap elementor-element-populated\">\n\t\t\t\t\t\t<section class=\"elementor-section elementor-inner-section elementor-element elementor-element-dfdf95f elementor-section-boxed elementor-section-height-default elementor-section-height-default\" data-id=\"dfdf95f\" data-element_type=\"section\" data-e-type=\"section\">\n\t\t\t\t\t\t<div class=\"elementor-container elementor-column-gap-default\">\n\t\t\t\t\t<div class=\"elementor-column elementor-col-66 elementor-inner-column elementor-element elementor-element-a4abca2\" data-id=\"a4abca2\" data-element_type=\"column\" data-e-type=\"column\">\n\t\t\t<div class=\"elementor-widget-wrap elementor-element-populated\">\n\t\t\t\t\t\t<div class=\"elementor-element elementor-element-ed110d2 elementor-widget elementor-widget-text-editor\" data-id=\"ed110d2\" data-element_type=\"widget\" data-e-type=\"widget\" data-widget_type=\"text-editor.default\">\n\t\t\t\t<div class=\"elementor-widget-container\">\n\t\t\t\t\t\t\t\t\t<p><em>Cette p\u00e9riode troubl\u00e9e et complexe a renforc\u00e9 la complexit\u00e9 des relations humaines dans l\u2019entreprise. Or sans ces relations, ou avec des relations interpersonnelles difficiles, il est impossible de manager sereinement et de faire face aux situations in\u00e9dites que nous rencontrons aujourd\u2019hui.<br \/>Face \u00e0 ce contexte, l\u2019enjeu de cette formation est de renouer avec soi, avec les \u00e9quipes et mettre en avant toutes les possibles pour demain.<\/em><\/p><p>Objectifs de la formation : Mieux se conna\u00eetre pour mieux s\u2019adapter en situation de crise<br \/>Identifier l\u2019impact de la crise en fonction des motivations de chacun(e)<br \/>Manager dans l\u2019apr\u00e8s crise et accompagner ses \u00e9quipes<br \/>Savoir faire des feedbacks constructifs<\/p>\t\t\t\t\t\t\t\t<\/div>\n\t\t\t\t<\/div>\n\t\t\t\t<div class=\"elementor-element elementor-element-181bb6b elementor-tabs-view-horizontal elementor-widget elementor-widget-tabs\" data-id=\"181bb6b\" data-element_type=\"widget\" data-e-type=\"widget\" data-widget_type=\"tabs.default\">\n\t\t\t\t<div class=\"elementor-widget-container\">\n\t\t\t\t\t\t\t<div class=\"elementor-tabs\">\n\t\t\t<div class=\"elementor-tabs-wrapper\" role=\"tablist\" >\n\t\t\t\t\t\t\t\t\t<div id=\"elementor-tab-title-2521\" class=\"elementor-tab-title elementor-tab-desktop-title\" aria-selected=\"true\" data-tab=\"1\" role=\"tab\" tabindex=\"0\" aria-controls=\"elementor-tab-content-2521\" aria-expanded=\"false\">Programme<\/div>\n\t\t\t\t\t\t\t\t\t<div id=\"elementor-tab-title-2522\" class=\"elementor-tab-title elementor-tab-desktop-title\" aria-selected=\"false\" data-tab=\"2\" role=\"tab\" tabindex=\"-1\" aria-controls=\"elementor-tab-content-2522\" aria-expanded=\"false\">Format<\/div>\n\t\t\t\t\t\t\t\t\t<div id=\"elementor-tab-title-2523\" class=\"elementor-tab-title elementor-tab-desktop-title\" aria-selected=\"false\" data-tab=\"3\" role=\"tab\" tabindex=\"-1\" aria-controls=\"elementor-tab-content-2523\" aria-expanded=\"false\">Les +<\/div>\n\t\t\t\t\t\t\t\t\t<div id=\"elementor-tab-title-2524\" class=\"elementor-tab-title elementor-tab-desktop-title\" aria-selected=\"false\" data-tab=\"4\" role=\"tab\" tabindex=\"-1\" aria-controls=\"elementor-tab-content-2524\" aria-expanded=\"false\">Modalit\u00e9s p\u00e9dagogiques<\/div>\n\t\t\t\t\t\t\t<\/div>\n\t\t\t<div class=\"elementor-tabs-content-wrapper\" role=\"tablist\" aria-orientation=\"vertical\">\n\t\t\t\t\t\t\t\t\t<div class=\"elementor-tab-title elementor-tab-mobile-title\" aria-selected=\"true\" data-tab=\"1\" role=\"tab\" tabindex=\"0\" aria-controls=\"elementor-tab-content-2521\" aria-expanded=\"false\">Programme<\/div>\n\t\t\t\t\t<div id=\"elementor-tab-content-2521\" class=\"elementor-tab-content elementor-clearfix\" data-tab=\"1\" role=\"tabpanel\" aria-labelledby=\"elementor-tab-title-2521\" tabindex=\"0\" hidden=\"false\"><ul><li>Classe invers\u00e9e pr\u00e9alablement \u00e0 la formation : fondamentaux motivations, Empathie, R\u00e9flexion, Performance, Organisation, Action et Confiance<br \/><br \/><\/li><li>Module 1\u00a0: reconna\u00eetre son profil en situation de crise<ol><li>D\u00e9couvrir les 6 motivations<\/li><li>Identifier son profil<\/li><li>Identifier ses ressources et ses points bloquants en situation de crise<\/li><li>D\u00e9terminer les comportements efficaces et les risques potentiels sous pression<\/li><li>Identifier de nouvelles ressources<\/li><li>Plan d\u2019action personnalis\u00e9<\/li><\/ol><\/li><\/ul><ul><li>Module 2\u00a0: l\u2019\u00e9quipe face \u00e0 la crise<ol><li>Prendre connaissance du profil d\u2019\u00e9quipe\u00a0: ses motivations et ses axes de potentialisation<\/li><li>Prendre conscience de ce qui s\u2019est r\u00e9v\u00e9l\u00e9 \u00e0 l\u2019\u00e9quipe pendant la p\u00e9riode de crise\u00a0: ressources et points bloquants<br \/><br \/><\/li><\/ol><\/li><li>Module 3\u00a0: les objectifs face \u00e0 la crise<ol><li>Les objectifs d\u00e9finis, r\u00e9alis\u00e9s et \u00e0 red\u00e9finir<\/li><li>Le potentiel de l\u2019\u00e9quipe<\/li><li>D\u00e9finir un plan d\u2019action SMART face aux objectifs<\/li><li>D\u00e9finir des engagements individuels et collectifs au service des objectifs<br \/><br \/><\/li><\/ol><\/li><li>Module 4\u00a0: donner et recevoir les feedbacks pour avancer<ol><li>Le feedback au travers des 6 motivations<\/li><li>Les r\u00e9actions possibles face \u00e0 un feedback<\/li><li>Les r\u00e8gles du feedback constructif<\/li><li>Oser recevoir des feedbacks<\/li><li>Plan d\u2019action personnalis\u00e9<\/li><\/ol><\/li><\/ul><\/div>\n\t\t\t\t\t\t\t\t\t<div class=\"elementor-tab-title elementor-tab-mobile-title\" aria-selected=\"false\" data-tab=\"2\" role=\"tab\" tabindex=\"-1\" aria-controls=\"elementor-tab-content-2522\" aria-expanded=\"false\">Format<\/div>\n\t\t\t\t\t<div id=\"elementor-tab-content-2522\" class=\"elementor-tab-content elementor-clearfix\" data-tab=\"2\" role=\"tabpanel\" aria-labelledby=\"elementor-tab-title-2522\" tabindex=\"0\" hidden=\"hidden\"><ul><li>Pr\u00e9requis<br \/>\u00catre \u00e0 l\u2019\u00e9coute de l\u2019autre et savoir prendre du recul<\/li><\/ul><p>\u00catre acteur de la formation<br \/><br \/><\/p><ul><li>Modalit\u00e9s d&rsquo;acc\u00e8s handicap\u00e9 :<\/li><\/ul><p>La salle de formation sera mise \u00e0 disposition par l\u2019entreprise, et r\u00e9pondra aux crit\u00e8res de salles PMR.<\/p><p>LumYnescence est particuli\u00e8rement sensible \u00e0 l\u2019int\u00e9gration des personnes en situation de Handicap. Le r\u00e9f\u00e9rent handicap est C\u00e9cile Fontaine : 06 69 91 11 43<\/p><p>Contactez\u00a0 votre entreprise au minimum un mois avant la formation pour qu\u2019elle puisse \u00e9tudier avec vous les possibilit\u00e9s et modalit\u00e9s de participation ou vous mettre en contact avec les associations d&rsquo;aide pour permettre votre participation.<br \/><br \/><\/p><ul><li>Modalit\u00e9s d\u2019inscription<br \/>Avant toute inscription, un entretien personnalis\u00e9 est propos\u00e9 afin d\u2019accompagner l\u2019apprenant dans ses motivations et ses d\u00e9marches.<br \/><br \/><\/li><li>Lieu &amp; dates<br \/>Pessac et alentours<br \/>Dates\u00a0: voir sur le site<br \/><br \/><\/li><\/ul><\/div>\n\t\t\t\t\t\t\t\t\t<div class=\"elementor-tab-title elementor-tab-mobile-title\" aria-selected=\"false\" data-tab=\"3\" role=\"tab\" tabindex=\"-1\" aria-controls=\"elementor-tab-content-2523\" aria-expanded=\"false\">Les +<\/div>\n\t\t\t\t\t<div id=\"elementor-tab-content-2523\" class=\"elementor-tab-content elementor-clearfix\" data-tab=\"3\" role=\"tabpanel\" aria-labelledby=\"elementor-tab-title-2523\" tabindex=\"0\" hidden=\"hidden\"><p>Un diagnostic personnel pour identifier mon profil de communication \u00e0 partir de l\u2019outil Management Drives<br \/>Une mise en pratique imm\u00e9diate des acquis par des jeux de r\u00f4les \u00e0 partir de situations concr\u00e8tes apport\u00e9s par les participants<\/p><p>Exp\u00e9rimenter en s\u2019appuyant sur la diversit\u00e9 des profils des apprenants pour s\u2019exercer \u00e0 mieux communiquer<\/p><p>Une mise en pratique lors de l\u2019intersession pour s\u2019exercer \u00e0 identifier l\u2019impact de son style de communication<br \/><br \/><\/p><\/div>\n\t\t\t\t\t\t\t\t\t<div class=\"elementor-tab-title elementor-tab-mobile-title\" aria-selected=\"false\" data-tab=\"4\" role=\"tab\" tabindex=\"-1\" aria-controls=\"elementor-tab-content-2524\" aria-expanded=\"false\">Modalit\u00e9s p\u00e9dagogiques<\/div>\n\t\t\t\t\t<div id=\"elementor-tab-content-2524\" class=\"elementor-tab-content elementor-clearfix\" data-tab=\"4\" role=\"tabpanel\" aria-labelledby=\"elementor-tab-title-2524\" tabindex=\"0\" hidden=\"hidden\"><p>E-learning pr\u00e9alable \u00e0 la formation, classe invers\u00e9e<br \/>Approche interactive et exp\u00e9rientielle<br \/>Plus de 70 % du temps est consacr\u00e9 \u00e0 l\u2019exp\u00e9rimentation et au debrief sur l\u2019exp\u00e9rimentation <br \/><br \/>Moyens p\u00e9dagogiques et techniques :<br \/>Accueil des stagiaires dans une salle d\u00e9di\u00e9e \u00e0 la formation<br \/>Mise \u00e0 disposition de documents supports. <br \/>Auto-\u00e9valuation et feedbacks sur les prestations<br \/>Mod\u00e9lisation de la pratique et debrief. <br \/>Dispositif de suivi de l&rsquo;ex\u00e9cution &amp; de l&rsquo;\u00e9valuation des r\u00e9sultats de la formation : Feuilles de pr\u00e9sence, questions orales, formulaires d&rsquo;\u00e9valuation de la formation et remise d\u2019une attestation de formation.<\/p><\/div>\n\t\t\t\t\t\t\t<\/div>\n\t\t<\/div>\n\t\t\t\t\t\t<\/div>\n\t\t\t\t<\/div>\n\t\t\t\t\t<\/div>\n\t\t<\/div>\n\t\t\t\t<div class=\"elementor-column elementor-col-33 elementor-inner-column elementor-element elementor-element-dcfe014\" data-id=\"dcfe014\" data-element_type=\"column\" data-e-type=\"column\">\n\t\t\t<div class=\"elementor-widget-wrap elementor-element-populated\">\n\t\t\t\t\t\t<div class=\"elementor-element elementor-element-8617770 elementor-tabs-view-horizontal elementor-widget elementor-widget-tabs\" data-id=\"8617770\" data-element_type=\"widget\" data-e-type=\"widget\" data-widget_type=\"tabs.default\">\n\t\t\t\t<div class=\"elementor-widget-container\">\n\t\t\t\t\t\t\t<div class=\"elementor-tabs\">\n\t\t\t<div class=\"elementor-tabs-wrapper\" role=\"tablist\" >\n\t\t\t\t\t\t\t\t\t<div id=\"elementor-tab-title-1401\" class=\"elementor-tab-title elementor-tab-desktop-title\" aria-selected=\"true\" data-tab=\"1\" role=\"tab\" tabindex=\"0\" aria-controls=\"elementor-tab-content-1401\" aria-expanded=\"false\">INTRA<\/div>\n\t\t\t\t\t\t\t\t\t<div id=\"elementor-tab-title-1402\" class=\"elementor-tab-title elementor-tab-desktop-title\" aria-selected=\"false\" data-tab=\"2\" role=\"tab\" tabindex=\"-1\" aria-controls=\"elementor-tab-content-1402\" aria-expanded=\"false\">INTRA<\/div>\n\t\t\t\t\t\t\t\t\t<div id=\"elementor-tab-title-1403\" class=\"elementor-tab-title elementor-tab-desktop-title\" aria-selected=\"false\" data-tab=\"3\" role=\"tab\" tabindex=\"-1\" aria-controls=\"elementor-tab-content-1403\" aria-expanded=\"false\">SUR MESURE<\/div>\n\t\t\t\t\t\t\t<\/div>\n\t\t\t<div class=\"elementor-tabs-content-wrapper\" role=\"tablist\" aria-orientation=\"vertical\">\n\t\t\t\t\t\t\t\t\t<div class=\"elementor-tab-title elementor-tab-mobile-title\" aria-selected=\"true\" data-tab=\"1\" role=\"tab\" tabindex=\"0\" aria-controls=\"elementor-tab-content-1401\" aria-expanded=\"false\">INTRA<\/div>\n\t\t\t\t\t<div id=\"elementor-tab-content-1401\" class=\"elementor-tab-content elementor-clearfix\" data-tab=\"1\" role=\"tabpanel\" aria-labelledby=\"elementor-tab-title-1401\" tabindex=\"0\" hidden=\"false\"><p>Pour qui\u00a0?<br \/>Les managers et dirigeants d\u2019entreprise et leur(s) \u00e9quipe(s)<\/p><p>Pour les entreprises<\/p><p>Dans vos locaux<\/p><p>R\u00e9f\u00e9rence : REF-MD-2-2023<\/p><p>Dur\u00e9e : 3 jours (21h)<\/p><p>Demander les tarifs<br \/><em>(Session de formation ouverte pour un groupe 6 personnes au minimum et\u00a0<\/em><em>\u00a0de 8 personnes maximum)<\/em><\/p><\/div>\n\t\t\t\t\t\t\t\t\t<div class=\"elementor-tab-title elementor-tab-mobile-title\" aria-selected=\"false\" data-tab=\"2\" role=\"tab\" tabindex=\"-1\" aria-controls=\"elementor-tab-content-1402\" aria-expanded=\"false\">INTRA<\/div>\n\t\t\t\t\t<div id=\"elementor-tab-content-1402\" class=\"elementor-tab-content elementor-clearfix\" data-tab=\"2\" role=\"tabpanel\" aria-labelledby=\"elementor-tab-title-1402\" tabindex=\"0\" hidden=\"hidden\"><p>Pour qui\u00a0?<br \/>Les managers et dirigeants d\u2019entreprise et leur(s) \u00e9quipe(s)<\/p><p>Pour les entreprises<\/p><p>Dans vos locaux<\/p><p>R\u00e9f\u00e9rence : REF-MD-2-2023<\/p><p>Dur\u00e9e : 3 jours (21h)<\/p><p>Demander les tarifs<br \/><em>(Session de formation ouverte pour un groupe 6 personnes au minimum et\u00a0<\/em><em>\u00a0de 8 personnes maximum)<\/em><\/p><\/div>\n\t\t\t\t\t\t\t\t\t<div class=\"elementor-tab-title elementor-tab-mobile-title\" aria-selected=\"false\" data-tab=\"3\" role=\"tab\" tabindex=\"-1\" aria-controls=\"elementor-tab-content-1403\" aria-expanded=\"false\">SUR MESURE<\/div>\n\t\t\t\t\t<div id=\"elementor-tab-content-1403\" class=\"elementor-tab-content elementor-clearfix\" data-tab=\"3\" role=\"tabpanel\" aria-labelledby=\"elementor-tab-title-1403\" tabindex=\"0\" hidden=\"hidden\"><p>Pour qui\u00a0?<br \/>Les managers et dirigeants d\u2019entreprise et leur(s) \u00e9quipe(s)<\/p><p>Pour les entreprises<\/p><p>Dans vos locaux<\/p><p>R\u00e9f\u00e9rence : REF-MD-2-2023<\/p><p>Dur\u00e9e : 3 jours (21h)<\/p><p>Demander les tarifs<br \/><em>(Session de formation ouverte pour un groupe 6 personnes au minimum et\u00a0<\/em><em>\u00a0de 8 personnes maximum)<\/em><\/p><\/div>\n\t\t\t\t\t\t\t<\/div>\n\t\t<\/div>\n\t\t\t\t\t\t<\/div>\n\t\t\t\t<\/div>\n\t\t\t\t<div class=\"elementor-element elementor-element-ce1e777 elementor-widget elementor-widget-text-editor\" data-id=\"ce1e777\" data-element_type=\"widget\" data-e-type=\"widget\" data-widget_type=\"text-editor.default\">\n\t\t\t\t<div class=\"elementor-widget-container\">\n\t\t\t\t\t\t\t\t\t<p><a href=\"https:\/\/lumynescence.fr\/wp-content\/uploads\/2022\/08\/FICHE-FORMATION-REF-MD-2-2022-ACCOMPAGNER-LES-MANAGERS-ET-LEURS-EQUIPES-V2.pdf\"><img decoding=\"async\" class=\"alignnone size-full wp-image-568\" src=\"https:\/\/lumynescence.fr\/wp-content\/uploads\/2021\/06\/Download_PDF60.png\" alt=\"\" width=\"60\" height=\"60\" \/><\/a><\/p>\t\t\t\t\t\t\t\t<\/div>\n\t\t\t\t<\/div>\n\t\t\t\t\t<\/div>\n\t\t<\/div>\n\t\t\t\t\t<\/div>\n\t\t<\/section>\n\t\t\t\t\t<\/div>\n\t\t<\/div>\n\t\t\t\t\t<\/div>\n\t\t<\/section>\n\t\t\t\t<\/div>\n\t\t","protected":false},"excerpt":{"rendered":"<p>C\u00e9cile FONTAINE Accompagner les managers et leurs \u00e9quipes face \u00e0 la crise Cette p\u00e9riode troubl\u00e9e et complexe a renforc\u00e9 la complexit\u00e9 des relations humaines dans l\u2019entreprise. Or sans ces relations, ou avec des relations interpersonnelles difficiles, il est impossible de manager sereinement et de faire face aux situations in\u00e9dites que nous rencontrons aujourd\u2019hui.Face \u00e0 ce [&hellip;]<\/p>\n","protected":false},"author":1,"featured_media":0,"parent":0,"menu_order":0,"comment_status":"closed","ping_status":"closed","template":"","meta":{"footnotes":""},"class_list":["post-771","page","type-page","status-publish","hentry"],"aioseo_notices":[],"yoast_head":"<!-- This site is optimized with the Yoast SEO plugin v27.3 - https:\/\/yoast.com\/product\/yoast-seo-wordpress\/ -->\n<title>Accompagner les managers et leurs \u00e9quipes face \u00e0 la crise -<\/title>\n<meta name=\"description\" content=\"Remettre l&#039;Humain au Coeur de l&#039;entreprise\" \/>\n<meta name=\"robots\" content=\"index, follow, max-snippet:-1, max-image-preview:large, max-video-preview:-1\" \/>\n<link rel=\"canonical\" href=\"https:\/\/lumynescence.fr\/index.php\/accompagner-les-managers-et-leurs-equipes-face-a-la-crise-2\/\" \/>\n<meta property=\"og:locale\" content=\"fr_FR\" \/>\n<meta property=\"og:type\" content=\"article\" \/>\n<meta property=\"og:title\" content=\"Accompagner les managers et leurs \u00e9quipes face \u00e0 la crise -\" \/>\n<meta property=\"og:description\" content=\"Remettre l&#039;Humain au Coeur de l&#039;entreprise\" \/>\n<meta property=\"og:url\" content=\"https:\/\/lumynescence.fr\/index.php\/accompagner-les-managers-et-leurs-equipes-face-a-la-crise-2\/\" \/>\n<meta property=\"article:modified_time\" content=\"2025-01-20T19:53:59+00:00\" \/>\n<meta property=\"og:image\" content=\"https:\/\/lumynescence.fr\/wp-content\/uploads\/2025\/01\/Logo-Luminescence-blanc-02.png\" \/>\n\t<meta property=\"og:image:width\" content=\"544\" \/>\n\t<meta property=\"og:image:height\" content=\"289\" \/>\n\t<meta property=\"og:image:type\" content=\"image\/png\" \/>\n<meta name=\"twitter:card\" content=\"summary_large_image\" \/>\n<meta name=\"twitter:label1\" content=\"Dur\u00e9e de lecture estim\u00e9e\" \/>\n\t<meta name=\"twitter:data1\" content=\"5 minutes\" \/>\n<script type=\"application\/ld+json\" class=\"yoast-schema-graph\">{\"@context\":\"https:\\\/\\\/schema.org\",\"@graph\":[{\"@type\":\"WebPage\",\"@id\":\"https:\\\/\\\/lumynescence.fr\\\/index.php\\\/accompagner-les-managers-et-leurs-equipes-face-a-la-crise-2\\\/\",\"url\":\"https:\\\/\\\/lumynescence.fr\\\/index.php\\\/accompagner-les-managers-et-leurs-equipes-face-a-la-crise-2\\\/\",\"name\":\"Accompagner les managers et leurs \u00e9quipes face \u00e0 la crise -\",\"isPartOf\":{\"@id\":\"https:\\\/\\\/lumynescence.fr\\\/#website\"},\"primaryImageOfPage\":{\"@id\":\"https:\\\/\\\/lumynescence.fr\\\/index.php\\\/accompagner-les-managers-et-leurs-equipes-face-a-la-crise-2\\\/#primaryimage\"},\"image\":{\"@id\":\"https:\\\/\\\/lumynescence.fr\\\/index.php\\\/accompagner-les-managers-et-leurs-equipes-face-a-la-crise-2\\\/#primaryimage\"},\"thumbnailUrl\":\"https:\\\/\\\/lumynescence.fr\\\/wp-content\\\/uploads\\\/2025\\\/01\\\/Logo-Luminescence-blanc-02-300x159.png\",\"datePublished\":\"2021-06-19T14:59:45+00:00\",\"dateModified\":\"2025-01-20T19:53:59+00:00\",\"description\":\"Remettre l'Humain au Coeur de l'entreprise\",\"breadcrumb\":{\"@id\":\"https:\\\/\\\/lumynescence.fr\\\/index.php\\\/accompagner-les-managers-et-leurs-equipes-face-a-la-crise-2\\\/#breadcrumb\"},\"inLanguage\":\"fr-FR\",\"potentialAction\":[{\"@type\":\"ReadAction\",\"target\":[\"https:\\\/\\\/lumynescence.fr\\\/index.php\\\/accompagner-les-managers-et-leurs-equipes-face-a-la-crise-2\\\/\"]}]},{\"@type\":\"ImageObject\",\"inLanguage\":\"fr-FR\",\"@id\":\"https:\\\/\\\/lumynescence.fr\\\/index.php\\\/accompagner-les-managers-et-leurs-equipes-face-a-la-crise-2\\\/#primaryimage\",\"url\":\"https:\\\/\\\/lumynescence.fr\\\/wp-content\\\/uploads\\\/2025\\\/01\\\/Logo-Luminescence-blanc-02.png\",\"contentUrl\":\"https:\\\/\\\/lumynescence.fr\\\/wp-content\\\/uploads\\\/2025\\\/01\\\/Logo-Luminescence-blanc-02.png\",\"width\":544,\"height\":289},{\"@type\":\"BreadcrumbList\",\"@id\":\"https:\\\/\\\/lumynescence.fr\\\/index.php\\\/accompagner-les-managers-et-leurs-equipes-face-a-la-crise-2\\\/#breadcrumb\",\"itemListElement\":[{\"@type\":\"ListItem\",\"position\":1,\"name\":\"Accueil\",\"item\":\"https:\\\/\\\/lumynescence.fr\\\/\"},{\"@type\":\"ListItem\",\"position\":2,\"name\":\"Accompagner les managers et leurs \u00e9quipes face \u00e0 la crise\"}]},{\"@type\":\"WebSite\",\"@id\":\"https:\\\/\\\/lumynescence.fr\\\/#website\",\"url\":\"https:\\\/\\\/lumynescence.fr\\\/\",\"name\":\"\",\"description\":\"\",\"publisher\":{\"@id\":\"https:\\\/\\\/lumynescence.fr\\\/#organization\"},\"potentialAction\":[{\"@type\":\"SearchAction\",\"target\":{\"@type\":\"EntryPoint\",\"urlTemplate\":\"https:\\\/\\\/lumynescence.fr\\\/?s={search_term_string}\"},\"query-input\":{\"@type\":\"PropertyValueSpecification\",\"valueRequired\":true,\"valueName\":\"search_term_string\"}}],\"inLanguage\":\"fr-FR\"},{\"@type\":\"Organization\",\"@id\":\"https:\\\/\\\/lumynescence.fr\\\/#organization\",\"name\":\"LumYnescence\",\"url\":\"https:\\\/\\\/lumynescence.fr\\\/\",\"logo\":{\"@type\":\"ImageObject\",\"inLanguage\":\"fr-FR\",\"@id\":\"https:\\\/\\\/lumynescence.fr\\\/#\\\/schema\\\/logo\\\/image\\\/\",\"url\":\"http:\\\/\\\/lumynescence.fr\\\/wp-content\\\/uploads\\\/2019\\\/06\\\/Logo-Luminescence-Carr\u00e9-Centr\u00e9.png\",\"contentUrl\":\"http:\\\/\\\/lumynescence.fr\\\/wp-content\\\/uploads\\\/2019\\\/06\\\/Logo-Luminescence-Carr\u00e9-Centr\u00e9.png\",\"width\":300,\"height\":300,\"caption\":\"LumYnescence\"},\"image\":{\"@id\":\"https:\\\/\\\/lumynescence.fr\\\/#\\\/schema\\\/logo\\\/image\\\/\"},\"sameAs\":[\"http:\\\/\\\/linkedin.com\\\/in\\\/c\u00e9cile-fontaine-8b40b287\"]}]}<\/script>\n<!-- \/ Yoast SEO plugin. -->","yoast_head_json":{"title":"Accompagner les managers et leurs \u00e9quipes face \u00e0 la crise -","description":"Remettre l'Humain au Coeur de l'entreprise","robots":{"index":"index","follow":"follow","max-snippet":"max-snippet:-1","max-image-preview":"max-image-preview:large","max-video-preview":"max-video-preview:-1"},"canonical":"https:\/\/lumynescence.fr\/index.php\/accompagner-les-managers-et-leurs-equipes-face-a-la-crise-2\/","og_locale":"fr_FR","og_type":"article","og_title":"Accompagner les managers et leurs \u00e9quipes face \u00e0 la crise -","og_description":"Remettre l'Humain au Coeur de l'entreprise","og_url":"https:\/\/lumynescence.fr\/index.php\/accompagner-les-managers-et-leurs-equipes-face-a-la-crise-2\/","article_modified_time":"2025-01-20T19:53:59+00:00","og_image":[{"width":544,"height":289,"url":"https:\/\/lumynescence.fr\/wp-content\/uploads\/2025\/01\/Logo-Luminescence-blanc-02.png","type":"image\/png"}],"twitter_card":"summary_large_image","twitter_misc":{"Dur\u00e9e de lecture estim\u00e9e":"5 minutes"},"schema":{"@context":"https:\/\/schema.org","@graph":[{"@type":"WebPage","@id":"https:\/\/lumynescence.fr\/index.php\/accompagner-les-managers-et-leurs-equipes-face-a-la-crise-2\/","url":"https:\/\/lumynescence.fr\/index.php\/accompagner-les-managers-et-leurs-equipes-face-a-la-crise-2\/","name":"Accompagner les managers et leurs \u00e9quipes face \u00e0 la crise -","isPartOf":{"@id":"https:\/\/lumynescence.fr\/#website"},"primaryImageOfPage":{"@id":"https:\/\/lumynescence.fr\/index.php\/accompagner-les-managers-et-leurs-equipes-face-a-la-crise-2\/#primaryimage"},"image":{"@id":"https:\/\/lumynescence.fr\/index.php\/accompagner-les-managers-et-leurs-equipes-face-a-la-crise-2\/#primaryimage"},"thumbnailUrl":"https:\/\/lumynescence.fr\/wp-content\/uploads\/2025\/01\/Logo-Luminescence-blanc-02-300x159.png","datePublished":"2021-06-19T14:59:45+00:00","dateModified":"2025-01-20T19:53:59+00:00","description":"Remettre l'Humain au Coeur de l'entreprise","breadcrumb":{"@id":"https:\/\/lumynescence.fr\/index.php\/accompagner-les-managers-et-leurs-equipes-face-a-la-crise-2\/#breadcrumb"},"inLanguage":"fr-FR","potentialAction":[{"@type":"ReadAction","target":["https:\/\/lumynescence.fr\/index.php\/accompagner-les-managers-et-leurs-equipes-face-a-la-crise-2\/"]}]},{"@type":"ImageObject","inLanguage":"fr-FR","@id":"https:\/\/lumynescence.fr\/index.php\/accompagner-les-managers-et-leurs-equipes-face-a-la-crise-2\/#primaryimage","url":"https:\/\/lumynescence.fr\/wp-content\/uploads\/2025\/01\/Logo-Luminescence-blanc-02.png","contentUrl":"https:\/\/lumynescence.fr\/wp-content\/uploads\/2025\/01\/Logo-Luminescence-blanc-02.png","width":544,"height":289},{"@type":"BreadcrumbList","@id":"https:\/\/lumynescence.fr\/index.php\/accompagner-les-managers-et-leurs-equipes-face-a-la-crise-2\/#breadcrumb","itemListElement":[{"@type":"ListItem","position":1,"name":"Accueil","item":"https:\/\/lumynescence.fr\/"},{"@type":"ListItem","position":2,"name":"Accompagner les managers et leurs \u00e9quipes face \u00e0 la crise"}]},{"@type":"WebSite","@id":"https:\/\/lumynescence.fr\/#website","url":"https:\/\/lumynescence.fr\/","name":"","description":"","publisher":{"@id":"https:\/\/lumynescence.fr\/#organization"},"potentialAction":[{"@type":"SearchAction","target":{"@type":"EntryPoint","urlTemplate":"https:\/\/lumynescence.fr\/?s={search_term_string}"},"query-input":{"@type":"PropertyValueSpecification","valueRequired":true,"valueName":"search_term_string"}}],"inLanguage":"fr-FR"},{"@type":"Organization","@id":"https:\/\/lumynescence.fr\/#organization","name":"LumYnescence","url":"https:\/\/lumynescence.fr\/","logo":{"@type":"ImageObject","inLanguage":"fr-FR","@id":"https:\/\/lumynescence.fr\/#\/schema\/logo\/image\/","url":"http:\/\/lumynescence.fr\/wp-content\/uploads\/2019\/06\/Logo-Luminescence-Carr\u00e9-Centr\u00e9.png","contentUrl":"http:\/\/lumynescence.fr\/wp-content\/uploads\/2019\/06\/Logo-Luminescence-Carr\u00e9-Centr\u00e9.png","width":300,"height":300,"caption":"LumYnescence"},"image":{"@id":"https:\/\/lumynescence.fr\/#\/schema\/logo\/image\/"},"sameAs":["http:\/\/linkedin.com\/in\/c\u00e9cile-fontaine-8b40b287"]}]}},"_links":{"self":[{"href":"https:\/\/lumynescence.fr\/index.php\/wp-json\/wp\/v2\/pages\/771","targetHints":{"allow":["GET"]}}],"collection":[{"href":"https:\/\/lumynescence.fr\/index.php\/wp-json\/wp\/v2\/pages"}],"about":[{"href":"https:\/\/lumynescence.fr\/index.php\/wp-json\/wp\/v2\/types\/page"}],"author":[{"embeddable":true,"href":"https:\/\/lumynescence.fr\/index.php\/wp-json\/wp\/v2\/users\/1"}],"replies":[{"embeddable":true,"href":"https:\/\/lumynescence.fr\/index.php\/wp-json\/wp\/v2\/comments?post=771"}],"version-history":[{"count":56,"href":"https:\/\/lumynescence.fr\/index.php\/wp-json\/wp\/v2\/pages\/771\/revisions"}],"predecessor-version":[{"id":2301,"href":"https:\/\/lumynescence.fr\/index.php\/wp-json\/wp\/v2\/pages\/771\/revisions\/2301"}],"wp:attachment":[{"href":"https:\/\/lumynescence.fr\/index.php\/wp-json\/wp\/v2\/media?parent=771"}],"curies":[{"name":"wp","href":"https:\/\/api.w.org\/{rel}","templated":true}]}}