{"id":285,"date":"2019-06-21T21:07:05","date_gmt":"2019-06-21T19:07:05","guid":{"rendered":"http:\/\/lumynescence.fr\/?page_id=285"},"modified":"2025-01-20T09:26:48","modified_gmt":"2025-01-20T08:26:48","slug":"ce-qui-nous-anime-2","status":"publish","type":"page","link":"https:\/\/lumynescence.fr\/index.php\/ce-qui-nous-anime-2\/","title":{"rendered":"Ce qui nous anime&#8230;"},"content":{"rendered":"\n<p style=\"font-size:15px\" class=\"has-text-color has-drop-cap has-very-dark-gray-color\"> <strong>Remettre l\u2019Humain au C\u0153ur de l\u2019entreprise<\/strong> avec comme intention\u00a0: <\/p>\n\n\n\n<p style=\"font-size:15px\" class=\"has-drop-cap\"> <strong>Potentialiser chacun(e)<\/strong><br> Permettre d\u2019allier bien-\u00eatre et performance au travail<br> R\u00e9v\u00e9ler les zones de talent individuelles et d\u2019\u00e9quipe<br> Favoriser l\u2019int\u00e9gration et la fid\u00e9lisation des jeunes en entreprises<br> Accompagner les managers \u00e0 chaque \u00e9tape de l\u2019\u00e9volution  <\/p>\n\n\n\n<p style=\"font-size:15px\" class=\"has-drop-cap\"><strong>Notre accompagnement individuel dans le cadre de&nbsp;:<\/strong><br> Prise de poste en tant que manager<br> Int\u00e9gration de nouvelles fonctions<br> Travail sur la confiance en soi<br> Reconna\u00eetre son style de leadership\n\n<\/p>\n\n\n\n<p style=\"font-size:15px\" class=\"has-drop-cap\"><strong>Notre accompagnement d\u2019\u00e9quipes lors de&nbsp;:<\/strong><br> Transformations dans l\u2019entreprise (fusion, r\u00e9organisation structurelle\u2026)<br> Besoin de facilitation<br> Gestion des conflits et r\u00e9gulation\n\n<\/p>\n\n\n\n<p style=\"font-size:15px\" class=\"has-drop-cap\"><strong>Du Team Building pour inscrire l&rsquo;entreprise dans :<\/strong><br> La Vision partag\u00e9e<br> L\u2019Intelligence collective<br> Redonner du sens aux missions<br> \u2026\n\n<\/p>\n","protected":false},"excerpt":{"rendered":"<p>Remettre l\u2019Humain au C\u0153ur de l\u2019entreprise avec comme intention\u00a0: Potentialiser chacun(e) Permettre d\u2019allier bien-\u00eatre et performance au travail R\u00e9v\u00e9ler les zones de talent individuelles et d\u2019\u00e9quipe Favoriser l\u2019int\u00e9gration et la fid\u00e9lisation des jeunes en entreprises Accompagner les managers \u00e0 chaque \u00e9tape de l\u2019\u00e9volution Notre accompagnement individuel dans le cadre de&nbsp;: Prise de poste en tant [&hellip;]<\/p>\n","protected":false},"author":1,"featured_media":220,"parent":0,"menu_order":0,"comment_status":"closed","ping_status":"closed","template":"","meta":{"footnotes":""},"class_list":["post-285","page","type-page","status-publish","has-post-thumbnail","hentry"],"aioseo_notices":[],"yoast_head":"<!-- This site is optimized with the Yoast SEO plugin v27.3 - https:\/\/yoast.com\/product\/yoast-seo-wordpress\/ -->\n<title>Ce qui nous anime... -<\/title>\n<meta name=\"description\" content=\"Remettre l&#039;Humain au Coeur de l&#039;entreprise\" \/>\n<meta name=\"robots\" content=\"index, follow, max-snippet:-1, max-image-preview:large, max-video-preview:-1\" \/>\n<link rel=\"canonical\" href=\"https:\/\/lumynescence.fr\/index.php\/ce-qui-nous-anime-2\/\" \/>\n<meta property=\"og:locale\" content=\"fr_FR\" \/>\n<meta property=\"og:type\" content=\"article\" \/>\n<meta property=\"og:title\" content=\"Ce qui nous anime... -\" \/>\n<meta property=\"og:description\" content=\"Remettre l&#039;Humain au Coeur de l&#039;entreprise\" \/>\n<meta property=\"og:url\" content=\"https:\/\/lumynescence.fr\/index.php\/ce-qui-nous-anime-2\/\" \/>\n<meta property=\"article:modified_time\" content=\"2025-01-20T08:26:48+00:00\" \/>\n<meta property=\"og:image\" content=\"https:\/\/lumynescence.fr\/wp-content\/uploads\/2019\/06\/cequinousanime.jpeg\" \/>\n\t<meta property=\"og:image:width\" content=\"2000\" \/>\n\t<meta property=\"og:image:height\" content=\"708\" \/>\n\t<meta property=\"og:image:type\" content=\"image\/jpeg\" \/>\n<meta name=\"twitter:card\" content=\"summary_large_image\" \/>\n<meta name=\"twitter:label1\" content=\"Dur\u00e9e de lecture estim\u00e9e\" \/>\n\t<meta name=\"twitter:data1\" content=\"1 minute\" \/>\n<script type=\"application\/ld+json\" class=\"yoast-schema-graph\">{\"@context\":\"https:\\\/\\\/schema.org\",\"@graph\":[{\"@type\":\"WebPage\",\"@id\":\"https:\\\/\\\/lumynescence.fr\\\/index.php\\\/ce-qui-nous-anime-2\\\/\",\"url\":\"https:\\\/\\\/lumynescence.fr\\\/index.php\\\/ce-qui-nous-anime-2\\\/\",\"name\":\"Ce qui nous anime... -\",\"isPartOf\":{\"@id\":\"https:\\\/\\\/lumynescence.fr\\\/#website\"},\"primaryImageOfPage\":{\"@id\":\"https:\\\/\\\/lumynescence.fr\\\/index.php\\\/ce-qui-nous-anime-2\\\/#primaryimage\"},\"image\":{\"@id\":\"https:\\\/\\\/lumynescence.fr\\\/index.php\\\/ce-qui-nous-anime-2\\\/#primaryimage\"},\"thumbnailUrl\":\"https:\\\/\\\/lumynescence.fr\\\/wp-content\\\/uploads\\\/2019\\\/06\\\/cequinousanime.jpeg\",\"datePublished\":\"2019-06-21T19:07:05+00:00\",\"dateModified\":\"2025-01-20T08:26:48+00:00\",\"description\":\"Remettre l'Humain au Coeur de l'entreprise\",\"breadcrumb\":{\"@id\":\"https:\\\/\\\/lumynescence.fr\\\/index.php\\\/ce-qui-nous-anime-2\\\/#breadcrumb\"},\"inLanguage\":\"fr-FR\",\"potentialAction\":[{\"@type\":\"ReadAction\",\"target\":[\"https:\\\/\\\/lumynescence.fr\\\/index.php\\\/ce-qui-nous-anime-2\\\/\"]}]},{\"@type\":\"ImageObject\",\"inLanguage\":\"fr-FR\",\"@id\":\"https:\\\/\\\/lumynescence.fr\\\/index.php\\\/ce-qui-nous-anime-2\\\/#primaryimage\",\"url\":\"https:\\\/\\\/lumynescence.fr\\\/wp-content\\\/uploads\\\/2019\\\/06\\\/cequinousanime.jpeg\",\"contentUrl\":\"https:\\\/\\\/lumynescence.fr\\\/wp-content\\\/uploads\\\/2019\\\/06\\\/cequinousanime.jpeg\",\"width\":2000,\"height\":708},{\"@type\":\"BreadcrumbList\",\"@id\":\"https:\\\/\\\/lumynescence.fr\\\/index.php\\\/ce-qui-nous-anime-2\\\/#breadcrumb\",\"itemListElement\":[{\"@type\":\"ListItem\",\"position\":1,\"name\":\"Accueil\",\"item\":\"https:\\\/\\\/lumynescence.fr\\\/\"},{\"@type\":\"ListItem\",\"position\":2,\"name\":\"Ce qui nous anime&#8230;\"}]},{\"@type\":\"WebSite\",\"@id\":\"https:\\\/\\\/lumynescence.fr\\\/#website\",\"url\":\"https:\\\/\\\/lumynescence.fr\\\/\",\"name\":\"\",\"description\":\"\",\"publisher\":{\"@id\":\"https:\\\/\\\/lumynescence.fr\\\/#organization\"},\"potentialAction\":[{\"@type\":\"SearchAction\",\"target\":{\"@type\":\"EntryPoint\",\"urlTemplate\":\"https:\\\/\\\/lumynescence.fr\\\/?s={search_term_string}\"},\"query-input\":{\"@type\":\"PropertyValueSpecification\",\"valueRequired\":true,\"valueName\":\"search_term_string\"}}],\"inLanguage\":\"fr-FR\"},{\"@type\":\"Organization\",\"@id\":\"https:\\\/\\\/lumynescence.fr\\\/#organization\",\"name\":\"LumYnescence\",\"url\":\"https:\\\/\\\/lumynescence.fr\\\/\",\"logo\":{\"@type\":\"ImageObject\",\"inLanguage\":\"fr-FR\",\"@id\":\"https:\\\/\\\/lumynescence.fr\\\/#\\\/schema\\\/logo\\\/image\\\/\",\"url\":\"http:\\\/\\\/lumynescence.fr\\\/wp-content\\\/uploads\\\/2019\\\/06\\\/Logo-Luminescence-Carr\u00e9-Centr\u00e9.png\",\"contentUrl\":\"http:\\\/\\\/lumynescence.fr\\\/wp-content\\\/uploads\\\/2019\\\/06\\\/Logo-Luminescence-Carr\u00e9-Centr\u00e9.png\",\"width\":300,\"height\":300,\"caption\":\"LumYnescence\"},\"image\":{\"@id\":\"https:\\\/\\\/lumynescence.fr\\\/#\\\/schema\\\/logo\\\/image\\\/\"},\"sameAs\":[\"http:\\\/\\\/linkedin.com\\\/in\\\/c\u00e9cile-fontaine-8b40b287\"]}]}<\/script>\n<!-- \/ Yoast SEO plugin. -->","yoast_head_json":{"title":"Ce qui nous anime... -","description":"Remettre l'Humain au Coeur de l'entreprise","robots":{"index":"index","follow":"follow","max-snippet":"max-snippet:-1","max-image-preview":"max-image-preview:large","max-video-preview":"max-video-preview:-1"},"canonical":"https:\/\/lumynescence.fr\/index.php\/ce-qui-nous-anime-2\/","og_locale":"fr_FR","og_type":"article","og_title":"Ce qui nous anime... -","og_description":"Remettre l'Humain au Coeur de l'entreprise","og_url":"https:\/\/lumynescence.fr\/index.php\/ce-qui-nous-anime-2\/","article_modified_time":"2025-01-20T08:26:48+00:00","og_image":[{"width":2000,"height":708,"url":"https:\/\/lumynescence.fr\/wp-content\/uploads\/2019\/06\/cequinousanime.jpeg","type":"image\/jpeg"}],"twitter_card":"summary_large_image","twitter_misc":{"Dur\u00e9e de lecture estim\u00e9e":"1 minute"},"schema":{"@context":"https:\/\/schema.org","@graph":[{"@type":"WebPage","@id":"https:\/\/lumynescence.fr\/index.php\/ce-qui-nous-anime-2\/","url":"https:\/\/lumynescence.fr\/index.php\/ce-qui-nous-anime-2\/","name":"Ce qui nous anime... -","isPartOf":{"@id":"https:\/\/lumynescence.fr\/#website"},"primaryImageOfPage":{"@id":"https:\/\/lumynescence.fr\/index.php\/ce-qui-nous-anime-2\/#primaryimage"},"image":{"@id":"https:\/\/lumynescence.fr\/index.php\/ce-qui-nous-anime-2\/#primaryimage"},"thumbnailUrl":"https:\/\/lumynescence.fr\/wp-content\/uploads\/2019\/06\/cequinousanime.jpeg","datePublished":"2019-06-21T19:07:05+00:00","dateModified":"2025-01-20T08:26:48+00:00","description":"Remettre l'Humain au Coeur de l'entreprise","breadcrumb":{"@id":"https:\/\/lumynescence.fr\/index.php\/ce-qui-nous-anime-2\/#breadcrumb"},"inLanguage":"fr-FR","potentialAction":[{"@type":"ReadAction","target":["https:\/\/lumynescence.fr\/index.php\/ce-qui-nous-anime-2\/"]}]},{"@type":"ImageObject","inLanguage":"fr-FR","@id":"https:\/\/lumynescence.fr\/index.php\/ce-qui-nous-anime-2\/#primaryimage","url":"https:\/\/lumynescence.fr\/wp-content\/uploads\/2019\/06\/cequinousanime.jpeg","contentUrl":"https:\/\/lumynescence.fr\/wp-content\/uploads\/2019\/06\/cequinousanime.jpeg","width":2000,"height":708},{"@type":"BreadcrumbList","@id":"https:\/\/lumynescence.fr\/index.php\/ce-qui-nous-anime-2\/#breadcrumb","itemListElement":[{"@type":"ListItem","position":1,"name":"Accueil","item":"https:\/\/lumynescence.fr\/"},{"@type":"ListItem","position":2,"name":"Ce qui nous anime&#8230;"}]},{"@type":"WebSite","@id":"https:\/\/lumynescence.fr\/#website","url":"https:\/\/lumynescence.fr\/","name":"","description":"","publisher":{"@id":"https:\/\/lumynescence.fr\/#organization"},"potentialAction":[{"@type":"SearchAction","target":{"@type":"EntryPoint","urlTemplate":"https:\/\/lumynescence.fr\/?s={search_term_string}"},"query-input":{"@type":"PropertyValueSpecification","valueRequired":true,"valueName":"search_term_string"}}],"inLanguage":"fr-FR"},{"@type":"Organization","@id":"https:\/\/lumynescence.fr\/#organization","name":"LumYnescence","url":"https:\/\/lumynescence.fr\/","logo":{"@type":"ImageObject","inLanguage":"fr-FR","@id":"https:\/\/lumynescence.fr\/#\/schema\/logo\/image\/","url":"http:\/\/lumynescence.fr\/wp-content\/uploads\/2019\/06\/Logo-Luminescence-Carr\u00e9-Centr\u00e9.png","contentUrl":"http:\/\/lumynescence.fr\/wp-content\/uploads\/2019\/06\/Logo-Luminescence-Carr\u00e9-Centr\u00e9.png","width":300,"height":300,"caption":"LumYnescence"},"image":{"@id":"https:\/\/lumynescence.fr\/#\/schema\/logo\/image\/"},"sameAs":["http:\/\/linkedin.com\/in\/c\u00e9cile-fontaine-8b40b287"]}]}},"_links":{"self":[{"href":"https:\/\/lumynescence.fr\/index.php\/wp-json\/wp\/v2\/pages\/285","targetHints":{"allow":["GET"]}}],"collection":[{"href":"https:\/\/lumynescence.fr\/index.php\/wp-json\/wp\/v2\/pages"}],"about":[{"href":"https:\/\/lumynescence.fr\/index.php\/wp-json\/wp\/v2\/types\/page"}],"author":[{"embeddable":true,"href":"https:\/\/lumynescence.fr\/index.php\/wp-json\/wp\/v2\/users\/1"}],"replies":[{"embeddable":true,"href":"https:\/\/lumynescence.fr\/index.php\/wp-json\/wp\/v2\/comments?post=285"}],"version-history":[{"count":8,"href":"https:\/\/lumynescence.fr\/index.php\/wp-json\/wp\/v2\/pages\/285\/revisions"}],"predecessor-version":[{"id":2064,"href":"https:\/\/lumynescence.fr\/index.php\/wp-json\/wp\/v2\/pages\/285\/revisions\/2064"}],"wp:featuredmedia":[{"embeddable":true,"href":"https:\/\/lumynescence.fr\/index.php\/wp-json\/wp\/v2\/media\/220"}],"wp:attachment":[{"href":"https:\/\/lumynescence.fr\/index.php\/wp-json\/wp\/v2\/media?parent=285"}],"curies":[{"name":"wp","href":"https:\/\/api.w.org\/{rel}","templated":true}]}}