{"id":2275,"date":"2025-01-20T20:32:28","date_gmt":"2025-01-20T19:32:28","guid":{"rendered":"https:\/\/lumynescence.fr\/?page_id=2275"},"modified":"2025-01-20T20:33:49","modified_gmt":"2025-01-20T19:33:49","slug":"l9g-personnes-en-situation-de-handicap","status":"publish","type":"page","link":"https:\/\/lumynescence.fr\/index.php\/l9g-personnes-en-situation-de-handicap\/","title":{"rendered":"L9G-Personnes en situation de handicap"},"content":{"rendered":"\t\t<div data-elementor-type=\"wp-page\" data-elementor-id=\"2275\" class=\"elementor elementor-2275\" data-elementor-post-type=\"page\">\n\t\t\t\t\t\t<section class=\"elementor-section elementor-top-section elementor-element elementor-element-3dffe0e elementor-section-boxed elementor-section-height-default elementor-section-height-default\" data-id=\"3dffe0e\" data-element_type=\"section\" data-e-type=\"section\">\n\t\t\t\t\t\t<div class=\"elementor-container elementor-column-gap-default\">\n\t\t\t\t\t<div class=\"elementor-column elementor-col-100 elementor-top-column elementor-element elementor-element-ccde7eb\" data-id=\"ccde7eb\" data-element_type=\"column\" data-e-type=\"column\">\n\t\t\t<div class=\"elementor-widget-wrap\">\n\t\t\t\t\t\t\t<\/div>\n\t\t<\/div>\n\t\t\t\t\t<\/div>\n\t\t<\/section>\n\t\t\t\t<section class=\"elementor-section elementor-top-section elementor-element elementor-element-1e4681d elementor-section-full_width elementor-section-height-default elementor-section-height-default\" data-id=\"1e4681d\" data-element_type=\"section\" data-e-type=\"section\" data-settings=\"{&quot;background_background&quot;:&quot;classic&quot;}\">\n\t\t\t\t\t\t\t<div class=\"elementor-background-overlay\"><\/div>\n\t\t\t\t\t\t\t<div class=\"elementor-container elementor-column-gap-default\">\n\t\t\t\t\t<div class=\"elementor-column elementor-col-33 elementor-top-column elementor-element elementor-element-e58b608\" data-id=\"e58b608\" data-element_type=\"column\" data-e-type=\"column\" data-settings=\"{&quot;background_background&quot;:&quot;classic&quot;}\">\n\t\t\t<div class=\"elementor-widget-wrap elementor-element-populated\">\n\t\t\t\t\t\t<div class=\"elementor-element elementor-element-bb1f7c8 elementor-widget elementor-widget-image\" data-id=\"bb1f7c8\" data-element_type=\"widget\" data-e-type=\"widget\" data-widget_type=\"image.default\">\n\t\t\t\t<div class=\"elementor-widget-container\">\n\t\t\t\t\t\t\t\t\t\t\t\t\t\t\t\t<a href=\"https:\/\/lumynescence.fr\/index.php\/accueil-lumynescence\/\">\n\t\t\t\t\t\t\t<img decoding=\"async\" width=\"300\" height=\"159\" src=\"https:\/\/lumynescence.fr\/wp-content\/uploads\/2025\/01\/Logo-Luminescence-blanc-02-300x159.png\" class=\"attachment-medium size-medium wp-image-2015\" alt=\"\" srcset=\"https:\/\/lumynescence.fr\/wp-content\/uploads\/2025\/01\/Logo-Luminescence-blanc-02-300x159.png 300w, https:\/\/lumynescence.fr\/wp-content\/uploads\/2025\/01\/Logo-Luminescence-blanc-02.png 544w\" sizes=\"(max-width: 300px) 100vw, 300px\" \/>\t\t\t\t\t\t\t\t<\/a>\n\t\t\t\t\t\t\t\t\t\t\t\t\t\t\t<\/div>\n\t\t\t\t<\/div>\n\t\t\t\t\t<\/div>\n\t\t<\/div>\n\t\t\t\t<div class=\"elementor-column elementor-col-33 elementor-top-column elementor-element elementor-element-4f01462\" data-id=\"4f01462\" data-element_type=\"column\" data-e-type=\"column\" data-settings=\"{&quot;background_background&quot;:&quot;classic&quot;}\">\n\t\t\t<div class=\"elementor-widget-wrap elementor-element-populated\">\n\t\t\t\t\t\t<div class=\"elementor-element elementor-element-a30dd2a elementor-widget elementor-widget-heading\" data-id=\"a30dd2a\" data-element_type=\"widget\" data-e-type=\"widget\" data-widget_type=\"heading.default\">\n\t\t\t\t<div class=\"elementor-widget-container\">\n\t\t\t\t\t<h2 class=\"elementor-heading-title elementor-size-default\">C\u00e9cile FONTAINE\n\n\n\n<\/h2>\t\t\t\t<\/div>\n\t\t\t\t<\/div>\n\t\t\t\t\t<\/div>\n\t\t<\/div>\n\t\t\t\t<div class=\"elementor-column elementor-col-33 elementor-top-column elementor-element elementor-element-490c174\" data-id=\"490c174\" data-element_type=\"column\" data-e-type=\"column\">\n\t\t\t<div class=\"elementor-widget-wrap\">\n\t\t\t\t\t\t\t<\/div>\n\t\t<\/div>\n\t\t\t\t\t<\/div>\n\t\t<\/section>\n\t\t\t\t<section class=\"elementor-section elementor-top-section elementor-element elementor-element-2566e74 elementor-section-boxed elementor-section-height-default elementor-section-height-default\" data-id=\"2566e74\" data-element_type=\"section\" data-e-type=\"section\">\n\t\t\t\t\t\t<div class=\"elementor-container elementor-column-gap-default\">\n\t\t\t\t\t<div class=\"elementor-column elementor-col-100 elementor-top-column elementor-element elementor-element-9cf01ee\" data-id=\"9cf01ee\" data-element_type=\"column\" data-e-type=\"column\">\n\t\t\t<div class=\"elementor-widget-wrap elementor-element-populated\">\n\t\t\t\t\t\t<div class=\"elementor-element elementor-element-d38d08d elementor-nav-menu--dropdown-tablet elementor-nav-menu__text-align-aside elementor-nav-menu--toggle elementor-nav-menu--burger elementor-widget elementor-widget-nav-menu\" data-id=\"d38d08d\" data-element_type=\"widget\" data-e-type=\"widget\" data-settings=\"{&quot;layout&quot;:&quot;horizontal&quot;,&quot;submenu_icon&quot;:{&quot;value&quot;:&quot;&lt;i class=\\&quot;fas fa-caret-down\\&quot;&gt;&lt;\\\/i&gt;&quot;,&quot;library&quot;:&quot;fa-solid&quot;},&quot;toggle&quot;:&quot;burger&quot;}\" data-widget_type=\"nav-menu.default\">\n\t\t\t\t<div class=\"elementor-widget-container\">\n\t\t\t\t\t\t\t\t<nav aria-label=\"Menu\" class=\"elementor-nav-menu--main elementor-nav-menu__container elementor-nav-menu--layout-horizontal e--pointer-underline e--animation-fade\">\n\t\t\t\t<ul id=\"menu-1-d38d08d\" class=\"elementor-nav-menu\"><li class=\"menu-item menu-item-type-post_type menu-item-object-page menu-item-2180\"><a href=\"https:\/\/lumynescence.fr\/index.php\/l1g-pourquoi-lumynescence\/\" class=\"elementor-item\">LumYnescence<\/a><\/li>\n<li class=\"menu-item menu-item-type-post_type menu-item-object-page menu-item-2191\"><a href=\"https:\/\/lumynescence.fr\/index.php\/l2g-qui-sommes-nous\/\" class=\"elementor-item\">Qui sommes-nous?<\/a><\/li>\n<li class=\"menu-item menu-item-type-post_type menu-item-object-page menu-item-2216\"><a href=\"https:\/\/lumynescence.fr\/index.php\/l3g-ce-qui-nous-anime\/\" class=\"elementor-item\">Ce qui nous anime<\/a><\/li>\n<li class=\"menu-item menu-item-type-post_type menu-item-object-page menu-item-2215\"><a href=\"https:\/\/lumynescence.fr\/index.php\/l4g-quelle-est-la-methode\/\" class=\"elementor-item\">Des m\u00e9thodes av\u00e9r\u00e9es<\/a><\/li>\n<li class=\"menu-item menu-item-type-post_type menu-item-object-page menu-item-has-children menu-item-2272\"><a href=\"https:\/\/lumynescence.fr\/index.php\/l6g-nos-formations\/\" class=\"elementor-item\">Nos formations<\/a>\n<ul class=\"sub-menu elementor-nav-menu--dropdown\">\n\t<li class=\"menu-item menu-item-type-post_type menu-item-object-page menu-item-2448\"><a href=\"https:\/\/lumynescence.fr\/index.php\/l6g-nos-formations\/\" class=\"elementor-sub-item\">Formation \u2013 Pr\u00e9ambule<\/a><\/li>\n\t<li class=\"menu-item menu-item-type-custom menu-item-object-custom menu-item-1743\"><a href=\"https:\/\/lumynescence.fr\/wp-content\/uploads\/2023\/06\/CATALOGUE-2023-V12.pdf\" class=\"elementor-sub-item\">Catalogue<\/a><\/li>\n\t<li class=\"menu-item menu-item-type-post_type menu-item-object-page menu-item-1739\"><a href=\"https:\/\/lumynescence.fr\/index.php\/la-gestion-du-temps-dune-gestion-subie-a-une-gestion-choisie-de-son-temps\/\" class=\"elementor-sub-item\">La gestion du temps, d&rsquo;une gestion subie \u00e0 une gestion choisie de son temps<\/a><\/li>\n\t<li class=\"menu-item menu-item-type-post_type menu-item-object-page menu-item-1740\"><a href=\"https:\/\/lumynescence.fr\/index.php\/formation-ref-md-1-2021-mieux-se-connaitre-pour-mieux-communiquer\/\" class=\"elementor-sub-item\">Mieux se conna\u00eetre pour mieux communiquer<\/a><\/li>\n\t<li class=\"menu-item menu-item-type-post_type menu-item-object-page menu-item-1742\"><a href=\"https:\/\/lumynescence.fr\/index.php\/elaboration-dune-vision-partagee-de-notre-entreprise\/\" class=\"elementor-sub-item\">Elaboration d&rsquo;une vision partag\u00e9e de notre entreprise<\/a><\/li>\n\t<li class=\"menu-item menu-item-type-post_type menu-item-object-page menu-item-1736\"><a href=\"https:\/\/lumynescence.fr\/index.php\/accompagner-les-managers-et-leurs-equipes-face-a-la-crise-2\/\" class=\"elementor-sub-item\">Accompagner les managers et leurs \u00e9quipes face \u00e0 la crise<\/a><\/li>\n\t<li class=\"menu-item menu-item-type-post_type menu-item-object-page menu-item-1741\"><a href=\"https:\/\/lumynescence.fr\/index.php\/reconnaitre-et-affirmer-son-style-de-leadership-leadership\/\" class=\"elementor-sub-item\">Reconnaitre et affirmer son style de leadership<\/a><\/li>\n\t<li class=\"menu-item menu-item-type-post_type menu-item-object-page menu-item-1737\"><a href=\"https:\/\/lumynescence.fr\/index.php\/developper-la-relation-client-par-une-communication-adaptee\/\" class=\"elementor-sub-item\">D\u00e9velopper la relation client par une communication adapt\u00e9e<\/a><\/li>\n<\/ul>\n<\/li>\n<li class=\"menu-item menu-item-type-post_type menu-item-object-page menu-item-2273\"><a href=\"https:\/\/lumynescence.fr\/index.php\/l7g-contact\/\" class=\"elementor-item\">Contact<\/a><\/li>\n<li class=\"menu-item menu-item-type-post_type menu-item-object-page menu-item-2280\"><a href=\"https:\/\/lumynescence.fr\/index.php\/l9g-personnes-en-situation-de-handicap\/\" class=\"elementor-item\">PSH<\/a><\/li>\n<li class=\"menu-item menu-item-type-post_type menu-item-object-page menu-item-2010\"><a href=\"https:\/\/lumynescence.fr\/index.php\/accueil-psycho-integrative\/\" class=\"elementor-item\">Psycho-Int\u00e9grative<\/a><\/li>\n<\/ul>\t\t\t<\/nav>\n\t\t\t\t\t<div class=\"elementor-menu-toggle\" role=\"button\" tabindex=\"0\" aria-label=\"Permuter le menu\" aria-expanded=\"false\">\n\t\t\t<i aria-hidden=\"true\" role=\"presentation\" class=\"elementor-menu-toggle__icon--open eicon-menu-bar\"><\/i><i aria-hidden=\"true\" role=\"presentation\" class=\"elementor-menu-toggle__icon--close eicon-close\"><\/i>\t\t<\/div>\n\t\t\t\t\t<nav class=\"elementor-nav-menu--dropdown elementor-nav-menu__container\" aria-hidden=\"true\">\n\t\t\t\t<ul id=\"menu-2-d38d08d\" class=\"elementor-nav-menu\"><li class=\"menu-item menu-item-type-post_type menu-item-object-page menu-item-2180\"><a href=\"https:\/\/lumynescence.fr\/index.php\/l1g-pourquoi-lumynescence\/\" class=\"elementor-item\" tabindex=\"-1\">LumYnescence<\/a><\/li>\n<li class=\"menu-item menu-item-type-post_type menu-item-object-page menu-item-2191\"><a href=\"https:\/\/lumynescence.fr\/index.php\/l2g-qui-sommes-nous\/\" class=\"elementor-item\" tabindex=\"-1\">Qui sommes-nous?<\/a><\/li>\n<li class=\"menu-item menu-item-type-post_type menu-item-object-page menu-item-2216\"><a href=\"https:\/\/lumynescence.fr\/index.php\/l3g-ce-qui-nous-anime\/\" class=\"elementor-item\" tabindex=\"-1\">Ce qui nous anime<\/a><\/li>\n<li class=\"menu-item menu-item-type-post_type menu-item-object-page menu-item-2215\"><a href=\"https:\/\/lumynescence.fr\/index.php\/l4g-quelle-est-la-methode\/\" class=\"elementor-item\" tabindex=\"-1\">Des m\u00e9thodes av\u00e9r\u00e9es<\/a><\/li>\n<li class=\"menu-item menu-item-type-post_type menu-item-object-page menu-item-has-children menu-item-2272\"><a href=\"https:\/\/lumynescence.fr\/index.php\/l6g-nos-formations\/\" class=\"elementor-item\" tabindex=\"-1\">Nos formations<\/a>\n<ul class=\"sub-menu elementor-nav-menu--dropdown\">\n\t<li class=\"menu-item menu-item-type-post_type menu-item-object-page menu-item-2448\"><a href=\"https:\/\/lumynescence.fr\/index.php\/l6g-nos-formations\/\" class=\"elementor-sub-item\" tabindex=\"-1\">Formation \u2013 Pr\u00e9ambule<\/a><\/li>\n\t<li class=\"menu-item menu-item-type-custom menu-item-object-custom menu-item-1743\"><a href=\"https:\/\/lumynescence.fr\/wp-content\/uploads\/2023\/06\/CATALOGUE-2023-V12.pdf\" class=\"elementor-sub-item\" tabindex=\"-1\">Catalogue<\/a><\/li>\n\t<li class=\"menu-item menu-item-type-post_type menu-item-object-page menu-item-1739\"><a href=\"https:\/\/lumynescence.fr\/index.php\/la-gestion-du-temps-dune-gestion-subie-a-une-gestion-choisie-de-son-temps\/\" class=\"elementor-sub-item\" tabindex=\"-1\">La gestion du temps, d&rsquo;une gestion subie \u00e0 une gestion choisie de son temps<\/a><\/li>\n\t<li class=\"menu-item menu-item-type-post_type menu-item-object-page menu-item-1740\"><a href=\"https:\/\/lumynescence.fr\/index.php\/formation-ref-md-1-2021-mieux-se-connaitre-pour-mieux-communiquer\/\" class=\"elementor-sub-item\" tabindex=\"-1\">Mieux se conna\u00eetre pour mieux communiquer<\/a><\/li>\n\t<li class=\"menu-item menu-item-type-post_type menu-item-object-page menu-item-1742\"><a href=\"https:\/\/lumynescence.fr\/index.php\/elaboration-dune-vision-partagee-de-notre-entreprise\/\" class=\"elementor-sub-item\" tabindex=\"-1\">Elaboration d&rsquo;une vision partag\u00e9e de notre entreprise<\/a><\/li>\n\t<li class=\"menu-item menu-item-type-post_type menu-item-object-page menu-item-1736\"><a href=\"https:\/\/lumynescence.fr\/index.php\/accompagner-les-managers-et-leurs-equipes-face-a-la-crise-2\/\" class=\"elementor-sub-item\" tabindex=\"-1\">Accompagner les managers et leurs \u00e9quipes face \u00e0 la crise<\/a><\/li>\n\t<li class=\"menu-item menu-item-type-post_type menu-item-object-page menu-item-1741\"><a href=\"https:\/\/lumynescence.fr\/index.php\/reconnaitre-et-affirmer-son-style-de-leadership-leadership\/\" class=\"elementor-sub-item\" tabindex=\"-1\">Reconnaitre et affirmer son style de leadership<\/a><\/li>\n\t<li class=\"menu-item menu-item-type-post_type menu-item-object-page menu-item-1737\"><a href=\"https:\/\/lumynescence.fr\/index.php\/developper-la-relation-client-par-une-communication-adaptee\/\" class=\"elementor-sub-item\" tabindex=\"-1\">D\u00e9velopper la relation client par une communication adapt\u00e9e<\/a><\/li>\n<\/ul>\n<\/li>\n<li class=\"menu-item menu-item-type-post_type menu-item-object-page menu-item-2273\"><a href=\"https:\/\/lumynescence.fr\/index.php\/l7g-contact\/\" class=\"elementor-item\" tabindex=\"-1\">Contact<\/a><\/li>\n<li class=\"menu-item menu-item-type-post_type menu-item-object-page menu-item-2280\"><a href=\"https:\/\/lumynescence.fr\/index.php\/l9g-personnes-en-situation-de-handicap\/\" class=\"elementor-item\" tabindex=\"-1\">PSH<\/a><\/li>\n<li class=\"menu-item menu-item-type-post_type menu-item-object-page menu-item-2010\"><a href=\"https:\/\/lumynescence.fr\/index.php\/accueil-psycho-integrative\/\" class=\"elementor-item\" tabindex=\"-1\">Psycho-Int\u00e9grative<\/a><\/li>\n<\/ul>\t\t\t<\/nav>\n\t\t\t\t\t\t<\/div>\n\t\t\t\t<\/div>\n\t\t\t\t\t<\/div>\n\t\t<\/div>\n\t\t\t\t\t<\/div>\n\t\t<\/section>\n\t\t\t\t<section class=\"elementor-section elementor-top-section elementor-element elementor-element-85e7978 elementor-section-full_width elementor-section-stretched elementor-section-height-default elementor-section-height-default\" data-id=\"85e7978\" data-element_type=\"section\" data-e-type=\"section\" data-settings=\"{&quot;stretch_section&quot;:&quot;section-stretched&quot;}\">\n\t\t\t\t\t\t<div class=\"elementor-container elementor-column-gap-default\">\n\t\t\t\t\t<div class=\"elementor-column elementor-col-100 elementor-top-column elementor-element elementor-element-dbe82dd\" data-id=\"dbe82dd\" data-element_type=\"column\" data-e-type=\"column\">\n\t\t\t<div class=\"elementor-widget-wrap elementor-element-populated\">\n\t\t\t\t\t\t<div class=\"elementor-element elementor-element-c07ef93 elementor-widget elementor-widget-heading\" data-id=\"c07ef93\" data-element_type=\"widget\" data-e-type=\"widget\" data-widget_type=\"heading.default\">\n\t\t\t\t<div class=\"elementor-widget-container\">\n\t\t\t\t\t<h2 class=\"elementor-heading-title elementor-size-default\">Personnes en situation de handicap<\/h2>\t\t\t\t<\/div>\n\t\t\t\t<\/div>\n\t\t\t\t\t<\/div>\n\t\t<\/div>\n\t\t\t\t\t<\/div>\n\t\t<\/section>\n\t\t\t\t<section class=\"elementor-section elementor-top-section elementor-element elementor-element-1afdfa0 elementor-section-boxed elementor-section-height-default elementor-section-height-default\" data-id=\"1afdfa0\" data-element_type=\"section\" data-e-type=\"section\">\n\t\t\t\t\t\t<div class=\"elementor-container elementor-column-gap-default\">\n\t\t\t\t\t<div class=\"elementor-column elementor-col-100 elementor-top-column elementor-element elementor-element-1ce0ce2\" data-id=\"1ce0ce2\" data-element_type=\"column\" data-e-type=\"column\">\n\t\t\t<div class=\"elementor-widget-wrap elementor-element-populated\">\n\t\t\t\t\t\t<div class=\"elementor-element elementor-element-8ef0111 elementor-widget elementor-widget-text-editor\" data-id=\"8ef0111\" data-element_type=\"widget\" data-e-type=\"widget\" data-widget_type=\"text-editor.default\">\n\t\t\t\t<div class=\"elementor-widget-container\">\n\t\t\t\t\t\t\t\t\t\n<figure class=\"wp-block-image size-large\"><img fetchpriority=\"high\" decoding=\"async\" width=\"259\" height=\"194\" src=\"https:\/\/lumynescence.fr\/wp-content\/uploads\/2021\/09\/HANDICAP-2.png\" alt=\"\" class=\"wp-image-1060\"\/><\/figure>\n\n\n\n<p>La formation est un droit pour toutes et tous. Nos formations sont donc tout naturellement ouvertes aux personnes en situation de handicap.<\/p>\n\n\n\n<p>Un(e) r\u00e9f\u00e9rent(e) handicap d\u00e9sign\u00e9(e) est \u00e0 votre \u00e9coute pour l\u2019am\u00e9nagement de nos formations afin de les rendre accessibles. Il suffit pour cela, lors de notre premi\u00e8re rencontre de nous en informer afin de pouvoir moduler et adapter la formation en fonction de vos besoins.<\/p>\n\n\n\n<p>Nous aurons soin, \u00e9galement, en cours de formation, de rester \u00e0 votre \u00e9couter et de mener une \u00e9valuation continue de votre satisfaction de l\u2019accompagnement afin de l\u2019adapter au fur et \u00e0 mesure tout au long du parcours de formation.<\/p>\n\t\t\t\t\t\t\t\t<\/div>\n\t\t\t\t<\/div>\n\t\t\t\t\t<\/div>\n\t\t<\/div>\n\t\t\t\t\t<\/div>\n\t\t<\/section>\n\t\t\t\t<section class=\"elementor-section elementor-top-section elementor-element elementor-element-97c6aff elementor-section-boxed elementor-section-height-default elementor-section-height-default\" data-id=\"97c6aff\" data-element_type=\"section\" data-e-type=\"section\">\n\t\t\t\t\t\t<div class=\"elementor-container elementor-column-gap-default\">\n\t\t\t\t\t<div class=\"elementor-column elementor-col-100 elementor-top-column elementor-element elementor-element-20cb996\" data-id=\"20cb996\" data-element_type=\"column\" data-e-type=\"column\">\n\t\t\t<div class=\"elementor-widget-wrap elementor-element-populated\">\n\t\t\t\t\t\t<div class=\"elementor-element elementor-element-e54e1ca elementor-tabs-view-horizontal elementor-widget elementor-widget-tabs\" data-id=\"e54e1ca\" data-element_type=\"widget\" data-e-type=\"widget\" data-widget_type=\"tabs.default\">\n\t\t\t\t<div class=\"elementor-widget-container\">\n\t\t\t\t\t\t\t<div class=\"elementor-tabs\">\n\t\t\t<div class=\"elementor-tabs-wrapper\" role=\"tablist\" >\n\t\t\t\t\t\t\t\t\t<div id=\"elementor-tab-title-2401\" class=\"elementor-tab-title elementor-tab-desktop-title\" aria-selected=\"true\" data-tab=\"1\" role=\"tab\" tabindex=\"0\" aria-controls=\"elementor-tab-content-2401\" aria-expanded=\"false\">Nathalie BERTHELOT<\/div>\n\t\t\t\t\t\t\t<\/div>\n\t\t\t<div class=\"elementor-tabs-content-wrapper\" role=\"tablist\" aria-orientation=\"vertical\">\n\t\t\t\t\t\t\t\t\t<div class=\"elementor-tab-title elementor-tab-mobile-title\" aria-selected=\"true\" data-tab=\"1\" role=\"tab\" tabindex=\"0\" aria-controls=\"elementor-tab-content-2401\" aria-expanded=\"false\">Nathalie BERTHELOT<\/div>\n\t\t\t\t\t<div id=\"elementor-tab-content-2401\" class=\"elementor-tab-content elementor-clearfix\" data-tab=\"1\" role=\"tabpanel\" aria-labelledby=\"elementor-tab-title-2401\" tabindex=\"0\" hidden=\"false\"><table>\n<tbody>\n<tr>\n<td width=\"425\">\n<h1><span style=\"color: #00638f;\"><em>Assistante sociale du travail DE<br \/><\/em><em style=\"font-family: inherit; font-size: inherit;\">Formatrice<\/em><\/span><\/h1>\n<p><em>Adeli n\u00b0<\/em>33A022301<\/p>\n<\/td>\n<td width=\"179\"><img decoding=\"async\" class=\"alignnone size-thumbnail wp-image-1144\" src=\"https:\/\/lumynescence.fr\/wp-content\/uploads\/2022\/01\/Nathalie_BERTHELOT-150x150.png\" alt=\"\" width=\"150\" height=\"150\" srcset=\"https:\/\/lumynescence.fr\/wp-content\/uploads\/2022\/01\/Nathalie_BERTHELOT-150x150.png 150w, https:\/\/lumynescence.fr\/wp-content\/uploads\/2022\/01\/Nathalie_BERTHELOT-100x100.png 100w\" sizes=\"(max-width: 150px) 100vw, 150px\" \/><\/td>\n<\/tr>\n<\/tbody>\n<\/table>\n<p>Apr\u00e8s avoir travaill\u00e9 8 ann\u00e9es dans un service social inter entreprises, Nathalie a d\u00e9cid\u00e9 d&rsquo;exercer sa profession dans le cadre d&rsquo;une activit\u00e9 lib\u00e9rale en 2003. Son objectif est de mettre son expertise d&rsquo;assistante sociale du travail au service de toutes structures ( associatives, publiques). Soumise au secret professionnel, l&rsquo;accompagnement qu\u2019elle apporte est bas\u00e9 sur une relation de confiance. Elle propose des vacations r\u00e9guli\u00e8res en fonction des besoins<br \/>de ses clients (\u00e0 l\u2019heure, hebdomadaires, mensuelles) ou des interventions ponctuelles.<\/p>\n<p>Sa formation de praticienne certifi\u00e9e en PNL est un atout dans la relation d&rsquo;aide et d&rsquo;accompagnement. Ce qui l\u2019anime, c\u2019est amener chaque personne \u00e0 \u00eatre plus autonome, d&rsquo;effectuer des choix et de prendre des d\u00e9cisions. Dans le souci permanent d&rsquo;am\u00e9liorer la qualit\u00e9 de sa relation avec les autres, elle s\u2019est form\u00e9e aux outils de la communication non<br \/>violente et a int\u00e9gr\u00e9 les concepts de l\u2019analyse transactionnelle dans sa pratique professionnelle. Elle suit actuellement une formation \u00e0 l\u2019atelier des coachs pour passer sa certification de coach professionnelle.<\/p>\n<p>En plus des accompagnements individuels aupr\u00e8s des salari\u00e9s et des agents, elle propose \u00e9galement des formations, ateliers collectifs autour des domaines de l&rsquo;action sociale ( handicap, dispositifs d\u2019acc\u00e8s aux droits, mobilit\u00e9, pr\u00e9paration \u00e0 la retraite, qualit\u00e9 de vie au travail, gestion de budget), du bien \u00eatre estime de soi, affirmation de soi, relation aux autres).<\/p>\n<p>Les plus de Nathalie forte d\u2019une exp\u00e9rience sur le terrain de plus de 20 ann\u00e9es, elle s\u2019appuie sur un large r\u00e9seau de partenaires et de collaborateurs.<\/p>\n<p>Passionn\u00e9e par l\u2019humain, elle a c\u0153ur de contribuer et collaborer aux projets personnels et professionnels de ses clients.<\/p>\n<table>\n<tbody>\n<tr>\n<td width=\"151\"><img loading=\"lazy\" decoding=\"async\" class=\"alignnone size-full wp-image-1160\" src=\"https:\/\/lumynescence.fr\/wp-content\/uploads\/2022\/01\/ESEIS_m.png\" alt=\"\" width=\"150\" height=\"52\" \/><\/td>\n<td width=\"151\"><img loading=\"lazy\" decoding=\"async\" class=\"alignnone size-full wp-image-1159\" src=\"https:\/\/lumynescence.fr\/wp-content\/uploads\/2022\/01\/EATSO_m.png\" alt=\"\" width=\"150\" height=\"90\" \/><\/td>\n<td width=\"151\"><img loading=\"lazy\" decoding=\"async\" class=\"alignnone size-full wp-image-1166 aligncenter\" src=\"https:\/\/lumynescence.fr\/wp-content\/uploads\/2022\/01\/esprit_alliance-1.png\" alt=\"\" width=\"100\" height=\"108\" \/><\/td>\n<td width=\"151\"><img loading=\"lazy\" decoding=\"async\" class=\"alignnone size-full wp-image-1162\" src=\"https:\/\/lumynescence.fr\/wp-content\/uploads\/2022\/01\/ATELIER_COACHS_m.png\" alt=\"\" width=\"150\" height=\"62\" \/><\/td>\n<\/tr>\n<\/tbody>\n<\/table><\/div>\n\t\t\t\t\t\t\t<\/div>\n\t\t<\/div>\n\t\t\t\t\t\t<\/div>\n\t\t\t\t<\/div>\n\t\t\t\t\t<\/div>\n\t\t<\/div>\n\t\t\t\t\t<\/div>\n\t\t<\/section>\n\t\t\t\t<section class=\"elementor-section elementor-top-section elementor-element elementor-element-ef1efde elementor-section-boxed elementor-section-height-default elementor-section-height-default\" data-id=\"ef1efde\" data-element_type=\"section\" data-e-type=\"section\">\n\t\t\t\t\t\t<div class=\"elementor-container elementor-column-gap-default\">\n\t\t\t\t\t<div class=\"elementor-column elementor-col-100 elementor-top-column elementor-element elementor-element-fd07498\" data-id=\"fd07498\" data-element_type=\"column\" data-e-type=\"column\">\n\t\t\t<div class=\"elementor-widget-wrap\">\n\t\t\t\t\t\t\t<\/div>\n\t\t<\/div>\n\t\t\t\t\t<\/div>\n\t\t<\/section>\n\t\t\t\t<\/div>\n\t\t","protected":false},"excerpt":{"rendered":"<p>C\u00e9cile FONTAINE Personnes en situation de handicap La formation est un droit pour toutes et tous. Nos formations sont donc tout naturellement ouvertes aux personnes en situation de handicap. Un(e) r\u00e9f\u00e9rent(e) handicap d\u00e9sign\u00e9(e) est \u00e0 votre \u00e9coute pour l\u2019am\u00e9nagement de nos formations afin de les rendre accessibles. Il suffit pour cela, lors de notre premi\u00e8re [&hellip;]<\/p>\n","protected":false},"author":1,"featured_media":0,"parent":0,"menu_order":0,"comment_status":"closed","ping_status":"closed","template":"","meta":{"footnotes":""},"class_list":["post-2275","page","type-page","status-publish","hentry"],"aioseo_notices":[],"yoast_head":"<!-- This site is optimized with the Yoast SEO plugin v27.3 - https:\/\/yoast.com\/product\/yoast-seo-wordpress\/ -->\n<title>L9G-Personnes en situation de handicap -<\/title>\n<meta name=\"description\" content=\"Remettre l&#039;Humain au Coeur de l&#039;entreprise\" \/>\n<meta name=\"robots\" content=\"index, follow, max-snippet:-1, max-image-preview:large, max-video-preview:-1\" \/>\n<link rel=\"canonical\" href=\"https:\/\/lumynescence.fr\/index.php\/l9g-personnes-en-situation-de-handicap\/\" \/>\n<meta property=\"og:locale\" content=\"fr_FR\" \/>\n<meta property=\"og:type\" content=\"article\" \/>\n<meta property=\"og:title\" content=\"L9G-Personnes en situation de handicap -\" \/>\n<meta property=\"og:description\" content=\"Remettre l&#039;Humain au Coeur de l&#039;entreprise\" \/>\n<meta property=\"og:url\" content=\"https:\/\/lumynescence.fr\/index.php\/l9g-personnes-en-situation-de-handicap\/\" \/>\n<meta property=\"article:modified_time\" content=\"2025-01-20T19:33:49+00:00\" \/>\n<meta property=\"og:image\" content=\"https:\/\/lumynescence.fr\/wp-content\/uploads\/2025\/01\/Logo-Luminescence-blanc-02-300x159.png\" \/>\n<meta name=\"twitter:card\" content=\"summary_large_image\" \/>\n<meta name=\"twitter:label1\" content=\"Dur\u00e9e de lecture estim\u00e9e\" \/>\n\t<meta name=\"twitter:data1\" content=\"4 minutes\" \/>\n<script type=\"application\/ld+json\" class=\"yoast-schema-graph\">{\"@context\":\"https:\\\/\\\/schema.org\",\"@graph\":[{\"@type\":\"WebPage\",\"@id\":\"https:\\\/\\\/lumynescence.fr\\\/index.php\\\/l9g-personnes-en-situation-de-handicap\\\/\",\"url\":\"https:\\\/\\\/lumynescence.fr\\\/index.php\\\/l9g-personnes-en-situation-de-handicap\\\/\",\"name\":\"L9G-Personnes en situation de handicap -\",\"isPartOf\":{\"@id\":\"https:\\\/\\\/lumynescence.fr\\\/#website\"},\"primaryImageOfPage\":{\"@id\":\"https:\\\/\\\/lumynescence.fr\\\/index.php\\\/l9g-personnes-en-situation-de-handicap\\\/#primaryimage\"},\"image\":{\"@id\":\"https:\\\/\\\/lumynescence.fr\\\/index.php\\\/l9g-personnes-en-situation-de-handicap\\\/#primaryimage\"},\"thumbnailUrl\":\"https:\\\/\\\/lumynescence.fr\\\/wp-content\\\/uploads\\\/2025\\\/01\\\/Logo-Luminescence-blanc-02-300x159.png\",\"datePublished\":\"2025-01-20T19:32:28+00:00\",\"dateModified\":\"2025-01-20T19:33:49+00:00\",\"description\":\"Remettre l'Humain au Coeur de l'entreprise\",\"breadcrumb\":{\"@id\":\"https:\\\/\\\/lumynescence.fr\\\/index.php\\\/l9g-personnes-en-situation-de-handicap\\\/#breadcrumb\"},\"inLanguage\":\"fr-FR\",\"potentialAction\":[{\"@type\":\"ReadAction\",\"target\":[\"https:\\\/\\\/lumynescence.fr\\\/index.php\\\/l9g-personnes-en-situation-de-handicap\\\/\"]}]},{\"@type\":\"ImageObject\",\"inLanguage\":\"fr-FR\",\"@id\":\"https:\\\/\\\/lumynescence.fr\\\/index.php\\\/l9g-personnes-en-situation-de-handicap\\\/#primaryimage\",\"url\":\"https:\\\/\\\/lumynescence.fr\\\/wp-content\\\/uploads\\\/2025\\\/01\\\/Logo-Luminescence-blanc-02.png\",\"contentUrl\":\"https:\\\/\\\/lumynescence.fr\\\/wp-content\\\/uploads\\\/2025\\\/01\\\/Logo-Luminescence-blanc-02.png\",\"width\":544,\"height\":289},{\"@type\":\"BreadcrumbList\",\"@id\":\"https:\\\/\\\/lumynescence.fr\\\/index.php\\\/l9g-personnes-en-situation-de-handicap\\\/#breadcrumb\",\"itemListElement\":[{\"@type\":\"ListItem\",\"position\":1,\"name\":\"Accueil\",\"item\":\"https:\\\/\\\/lumynescence.fr\\\/\"},{\"@type\":\"ListItem\",\"position\":2,\"name\":\"L9G-Personnes en situation de handicap\"}]},{\"@type\":\"WebSite\",\"@id\":\"https:\\\/\\\/lumynescence.fr\\\/#website\",\"url\":\"https:\\\/\\\/lumynescence.fr\\\/\",\"name\":\"\",\"description\":\"\",\"publisher\":{\"@id\":\"https:\\\/\\\/lumynescence.fr\\\/#organization\"},\"potentialAction\":[{\"@type\":\"SearchAction\",\"target\":{\"@type\":\"EntryPoint\",\"urlTemplate\":\"https:\\\/\\\/lumynescence.fr\\\/?s={search_term_string}\"},\"query-input\":{\"@type\":\"PropertyValueSpecification\",\"valueRequired\":true,\"valueName\":\"search_term_string\"}}],\"inLanguage\":\"fr-FR\"},{\"@type\":\"Organization\",\"@id\":\"https:\\\/\\\/lumynescence.fr\\\/#organization\",\"name\":\"LumYnescence\",\"url\":\"https:\\\/\\\/lumynescence.fr\\\/\",\"logo\":{\"@type\":\"ImageObject\",\"inLanguage\":\"fr-FR\",\"@id\":\"https:\\\/\\\/lumynescence.fr\\\/#\\\/schema\\\/logo\\\/image\\\/\",\"url\":\"http:\\\/\\\/lumynescence.fr\\\/wp-content\\\/uploads\\\/2019\\\/06\\\/Logo-Luminescence-Carr\u00e9-Centr\u00e9.png\",\"contentUrl\":\"http:\\\/\\\/lumynescence.fr\\\/wp-content\\\/uploads\\\/2019\\\/06\\\/Logo-Luminescence-Carr\u00e9-Centr\u00e9.png\",\"width\":300,\"height\":300,\"caption\":\"LumYnescence\"},\"image\":{\"@id\":\"https:\\\/\\\/lumynescence.fr\\\/#\\\/schema\\\/logo\\\/image\\\/\"},\"sameAs\":[\"http:\\\/\\\/linkedin.com\\\/in\\\/c\u00e9cile-fontaine-8b40b287\"]}]}<\/script>\n<!-- \/ Yoast SEO plugin. -->","yoast_head_json":{"title":"L9G-Personnes en situation de handicap -","description":"Remettre l'Humain au Coeur de l'entreprise","robots":{"index":"index","follow":"follow","max-snippet":"max-snippet:-1","max-image-preview":"max-image-preview:large","max-video-preview":"max-video-preview:-1"},"canonical":"https:\/\/lumynescence.fr\/index.php\/l9g-personnes-en-situation-de-handicap\/","og_locale":"fr_FR","og_type":"article","og_title":"L9G-Personnes en situation de handicap -","og_description":"Remettre l'Humain au Coeur de l'entreprise","og_url":"https:\/\/lumynescence.fr\/index.php\/l9g-personnes-en-situation-de-handicap\/","article_modified_time":"2025-01-20T19:33:49+00:00","og_image":[{"url":"https:\/\/lumynescence.fr\/wp-content\/uploads\/2025\/01\/Logo-Luminescence-blanc-02-300x159.png","type":"","width":"","height":""}],"twitter_card":"summary_large_image","twitter_misc":{"Dur\u00e9e de lecture estim\u00e9e":"4 minutes"},"schema":{"@context":"https:\/\/schema.org","@graph":[{"@type":"WebPage","@id":"https:\/\/lumynescence.fr\/index.php\/l9g-personnes-en-situation-de-handicap\/","url":"https:\/\/lumynescence.fr\/index.php\/l9g-personnes-en-situation-de-handicap\/","name":"L9G-Personnes en situation de handicap -","isPartOf":{"@id":"https:\/\/lumynescence.fr\/#website"},"primaryImageOfPage":{"@id":"https:\/\/lumynescence.fr\/index.php\/l9g-personnes-en-situation-de-handicap\/#primaryimage"},"image":{"@id":"https:\/\/lumynescence.fr\/index.php\/l9g-personnes-en-situation-de-handicap\/#primaryimage"},"thumbnailUrl":"https:\/\/lumynescence.fr\/wp-content\/uploads\/2025\/01\/Logo-Luminescence-blanc-02-300x159.png","datePublished":"2025-01-20T19:32:28+00:00","dateModified":"2025-01-20T19:33:49+00:00","description":"Remettre l'Humain au Coeur de l'entreprise","breadcrumb":{"@id":"https:\/\/lumynescence.fr\/index.php\/l9g-personnes-en-situation-de-handicap\/#breadcrumb"},"inLanguage":"fr-FR","potentialAction":[{"@type":"ReadAction","target":["https:\/\/lumynescence.fr\/index.php\/l9g-personnes-en-situation-de-handicap\/"]}]},{"@type":"ImageObject","inLanguage":"fr-FR","@id":"https:\/\/lumynescence.fr\/index.php\/l9g-personnes-en-situation-de-handicap\/#primaryimage","url":"https:\/\/lumynescence.fr\/wp-content\/uploads\/2025\/01\/Logo-Luminescence-blanc-02.png","contentUrl":"https:\/\/lumynescence.fr\/wp-content\/uploads\/2025\/01\/Logo-Luminescence-blanc-02.png","width":544,"height":289},{"@type":"BreadcrumbList","@id":"https:\/\/lumynescence.fr\/index.php\/l9g-personnes-en-situation-de-handicap\/#breadcrumb","itemListElement":[{"@type":"ListItem","position":1,"name":"Accueil","item":"https:\/\/lumynescence.fr\/"},{"@type":"ListItem","position":2,"name":"L9G-Personnes en situation de handicap"}]},{"@type":"WebSite","@id":"https:\/\/lumynescence.fr\/#website","url":"https:\/\/lumynescence.fr\/","name":"","description":"","publisher":{"@id":"https:\/\/lumynescence.fr\/#organization"},"potentialAction":[{"@type":"SearchAction","target":{"@type":"EntryPoint","urlTemplate":"https:\/\/lumynescence.fr\/?s={search_term_string}"},"query-input":{"@type":"PropertyValueSpecification","valueRequired":true,"valueName":"search_term_string"}}],"inLanguage":"fr-FR"},{"@type":"Organization","@id":"https:\/\/lumynescence.fr\/#organization","name":"LumYnescence","url":"https:\/\/lumynescence.fr\/","logo":{"@type":"ImageObject","inLanguage":"fr-FR","@id":"https:\/\/lumynescence.fr\/#\/schema\/logo\/image\/","url":"http:\/\/lumynescence.fr\/wp-content\/uploads\/2019\/06\/Logo-Luminescence-Carr\u00e9-Centr\u00e9.png","contentUrl":"http:\/\/lumynescence.fr\/wp-content\/uploads\/2019\/06\/Logo-Luminescence-Carr\u00e9-Centr\u00e9.png","width":300,"height":300,"caption":"LumYnescence"},"image":{"@id":"https:\/\/lumynescence.fr\/#\/schema\/logo\/image\/"},"sameAs":["http:\/\/linkedin.com\/in\/c\u00e9cile-fontaine-8b40b287"]}]}},"_links":{"self":[{"href":"https:\/\/lumynescence.fr\/index.php\/wp-json\/wp\/v2\/pages\/2275","targetHints":{"allow":["GET"]}}],"collection":[{"href":"https:\/\/lumynescence.fr\/index.php\/wp-json\/wp\/v2\/pages"}],"about":[{"href":"https:\/\/lumynescence.fr\/index.php\/wp-json\/wp\/v2\/types\/page"}],"author":[{"embeddable":true,"href":"https:\/\/lumynescence.fr\/index.php\/wp-json\/wp\/v2\/users\/1"}],"replies":[{"embeddable":true,"href":"https:\/\/lumynescence.fr\/index.php\/wp-json\/wp\/v2\/comments?post=2275"}],"version-history":[{"count":4,"href":"https:\/\/lumynescence.fr\/index.php\/wp-json\/wp\/v2\/pages\/2275\/revisions"}],"predecessor-version":[{"id":2279,"href":"https:\/\/lumynescence.fr\/index.php\/wp-json\/wp\/v2\/pages\/2275\/revisions\/2279"}],"wp:attachment":[{"href":"https:\/\/lumynescence.fr\/index.php\/wp-json\/wp\/v2\/media?parent=2275"}],"curies":[{"name":"wp","href":"https:\/\/api.w.org\/{rel}","templated":true}]}}