{"id":162,"date":"2019-06-21T13:44:57","date_gmt":"2019-06-21T11:44:57","guid":{"rendered":"http:\/\/lumynescence.fr\/?page_id=162"},"modified":"2025-01-22T17:38:16","modified_gmt":"2025-01-22T16:38:16","slug":"l3-ce-qui-nous-anime","status":"publish","type":"page","link":"https:\/\/lumynescence.fr\/index.php\/l3-ce-qui-nous-anime\/","title":{"rendered":"L3-Ce qui nous anime"},"content":{"rendered":"\t\t<div data-elementor-type=\"wp-page\" data-elementor-id=\"162\" class=\"elementor elementor-162\" data-elementor-post-type=\"page\">\n\t\t\t\t\t\t<section class=\"elementor-section elementor-top-section elementor-element elementor-element-167a484 elementor-section-full_width elementor-section-stretched elementor-section-height-default elementor-section-height-default\" data-id=\"167a484\" data-element_type=\"section\" data-e-type=\"section\" data-settings=\"{&quot;stretch_section&quot;:&quot;section-stretched&quot;}\">\n\t\t\t\t\t\t<div class=\"elementor-container elementor-column-gap-default\">\n\t\t\t\t\t<div class=\"elementor-column elementor-col-100 elementor-top-column elementor-element elementor-element-3bd38b2\" data-id=\"3bd38b2\" data-element_type=\"column\" data-e-type=\"column\">\n\t\t\t<div class=\"elementor-widget-wrap elementor-element-populated\">\n\t\t\t\t\t\t<div class=\"elementor-element elementor-element-a131711 elementor-widget elementor-widget-heading\" data-id=\"a131711\" data-element_type=\"widget\" data-e-type=\"widget\" data-widget_type=\"heading.default\">\n\t\t\t\t<div class=\"elementor-widget-container\">\n\t\t\t\t\t<h2 class=\"elementor-heading-title elementor-size-default\">Ce qui nous anime...<\/h2>\t\t\t\t<\/div>\n\t\t\t\t<\/div>\n\t\t\t\t\t<\/div>\n\t\t<\/div>\n\t\t\t\t\t<\/div>\n\t\t<\/section>\n\t\t\t\t<section class=\"elementor-section elementor-top-section elementor-element elementor-element-6bb458fa elementor-section-boxed elementor-section-height-default elementor-section-height-default\" data-id=\"6bb458fa\" data-element_type=\"section\" data-e-type=\"section\">\n\t\t\t\t\t\t<div class=\"elementor-container elementor-column-gap-default\">\n\t\t\t\t\t<div class=\"elementor-column elementor-col-100 elementor-top-column elementor-element elementor-element-7ad24f17\" data-id=\"7ad24f17\" data-element_type=\"column\" data-e-type=\"column\">\n\t\t\t<div class=\"elementor-widget-wrap elementor-element-populated\">\n\t\t\t\t\t\t<div class=\"elementor-element elementor-element-7004752 elementor-widget elementor-widget-text-editor\" data-id=\"7004752\" data-element_type=\"widget\" data-e-type=\"widget\" data-widget_type=\"text-editor.default\">\n\t\t\t\t<div class=\"elementor-widget-container\">\n\t\t\t\t\t\t\t\t\t\n<p class=\"has-text-color has-drop-cap has-very-dark-gray-color\" style=\"font-size: 15px;\"><strong>Remettre l\u2019Humain au C\u0153ur de l\u2019entreprise<\/strong> avec comme intention\u00a0:<\/p>\n\n<p>\u00a0<\/p>\n\n<p class=\"has-text-color has-drop-cap has-very-dark-gray-color\" style=\"font-size: 15px;\"><strong>Potentialiser chacun(e)<\/strong><br \/>Permettre d\u2019allier bien-\u00eatre et performance au travail<br \/>R\u00e9v\u00e9ler les zones de talent individuelles et d\u2019\u00e9quipe<br \/>Favoriser l\u2019int\u00e9gration et la fid\u00e9lisation des jeunes en entreprises<br \/>Accompagner les managers \u00e0 chaque \u00e9tape de l\u2019\u00e9volution<\/p>\n\n<p class=\"has-text-color has-drop-cap has-very-dark-gray-color\" style=\"font-size: 15px;\"><strong>Notre accompagnement individuel dans le cadre de\u00a0:<\/strong><br \/>Prise de poste en tant que manager<br \/>Int\u00e9gration de nouvelles fonctions<br \/>Travail sur la confiance en soi<br \/>Reconna\u00eetre son style de leadership<\/p>\n\n<p class=\"has-text-color has-drop-cap has-very-dark-gray-color\" style=\"font-size: 15px;\"><strong>Notre accompagnement d\u2019\u00e9quipes lors de\u00a0:<\/strong><br \/>Transformations dans l\u2019entreprise (fusion, r\u00e9organisation structurelle\u2026)<br \/>Besoin de facilitation<br \/>Gestion des conflits et r\u00e9gulation<\/p>\n\n<p class=\"has-text-color has-drop-cap has-very-dark-gray-color\" style=\"font-size: 15px;\"><strong>Du Team Building pour inscrire l&rsquo;entreprise dans :<\/strong><br \/>La Vision partag\u00e9e<br \/>L\u2019Intelligence collective<br \/>Redonner du sens aux missions<br \/>\u2026<\/p>\n\t\t\t\t\t\t\t\t<\/div>\n\t\t\t\t<\/div>\n\t\t\t\t\t<\/div>\n\t\t<\/div>\n\t\t\t\t\t<\/div>\n\t\t<\/section>\n\t\t\t\t<\/div>\n\t\t","protected":false},"excerpt":{"rendered":"<p>Ce qui nous anime&#8230; Remettre l\u2019Humain au C\u0153ur de l\u2019entreprise avec comme intention\u00a0: \u00a0 Potentialiser chacun(e)Permettre d\u2019allier bien-\u00eatre et performance au travailR\u00e9v\u00e9ler les zones de talent individuelles et d\u2019\u00e9quipeFavoriser l\u2019int\u00e9gration et la fid\u00e9lisation des jeunes en entreprisesAccompagner les managers \u00e0 chaque \u00e9tape de l\u2019\u00e9volution Notre accompagnement individuel dans le cadre de\u00a0:Prise de poste en tant [&hellip;]<\/p>\n","protected":false},"author":3,"featured_media":220,"parent":0,"menu_order":0,"comment_status":"closed","ping_status":"closed","template":"","meta":{"footnotes":""},"class_list":["post-162","page","type-page","status-publish","has-post-thumbnail","hentry"],"aioseo_notices":[],"yoast_head":"<!-- This site is optimized with the Yoast SEO plugin v27.3 - https:\/\/yoast.com\/product\/yoast-seo-wordpress\/ -->\n<title>L3-Ce qui nous anime -<\/title>\n<meta name=\"description\" content=\"Remettre l&#039;Humain au Coeur de l&#039;entreprise\" \/>\n<meta name=\"robots\" content=\"index, follow, max-snippet:-1, max-image-preview:large, max-video-preview:-1\" \/>\n<link rel=\"canonical\" href=\"https:\/\/lumynescence.fr\/index.php\/l3-ce-qui-nous-anime\/\" \/>\n<meta property=\"og:locale\" content=\"fr_FR\" \/>\n<meta property=\"og:type\" content=\"article\" \/>\n<meta property=\"og:title\" content=\"L3-Ce qui nous anime -\" \/>\n<meta property=\"og:description\" content=\"Remettre l&#039;Humain au Coeur de l&#039;entreprise\" \/>\n<meta property=\"og:url\" content=\"https:\/\/lumynescence.fr\/index.php\/l3-ce-qui-nous-anime\/\" \/>\n<meta property=\"article:modified_time\" content=\"2025-01-22T16:38:16+00:00\" \/>\n<meta property=\"og:image\" content=\"https:\/\/lumynescence.fr\/wp-content\/uploads\/2019\/06\/cequinousanime.jpeg\" \/>\n\t<meta property=\"og:image:width\" content=\"2000\" \/>\n\t<meta property=\"og:image:height\" content=\"708\" \/>\n\t<meta property=\"og:image:type\" content=\"image\/jpeg\" \/>\n<meta name=\"twitter:card\" content=\"summary_large_image\" \/>\n<meta name=\"twitter:label1\" content=\"Dur\u00e9e de lecture estim\u00e9e\" \/>\n\t<meta name=\"twitter:data1\" content=\"1 minute\" \/>\n<script type=\"application\/ld+json\" class=\"yoast-schema-graph\">{\"@context\":\"https:\\\/\\\/schema.org\",\"@graph\":[{\"@type\":\"WebPage\",\"@id\":\"https:\\\/\\\/lumynescence.fr\\\/index.php\\\/l3-ce-qui-nous-anime\\\/\",\"url\":\"https:\\\/\\\/lumynescence.fr\\\/index.php\\\/l3-ce-qui-nous-anime\\\/\",\"name\":\"L3-Ce qui nous anime -\",\"isPartOf\":{\"@id\":\"https:\\\/\\\/lumynescence.fr\\\/#website\"},\"primaryImageOfPage\":{\"@id\":\"https:\\\/\\\/lumynescence.fr\\\/index.php\\\/l3-ce-qui-nous-anime\\\/#primaryimage\"},\"image\":{\"@id\":\"https:\\\/\\\/lumynescence.fr\\\/index.php\\\/l3-ce-qui-nous-anime\\\/#primaryimage\"},\"thumbnailUrl\":\"https:\\\/\\\/lumynescence.fr\\\/wp-content\\\/uploads\\\/2019\\\/06\\\/cequinousanime.jpeg\",\"datePublished\":\"2019-06-21T11:44:57+00:00\",\"dateModified\":\"2025-01-22T16:38:16+00:00\",\"description\":\"Remettre l'Humain au Coeur de l'entreprise\",\"breadcrumb\":{\"@id\":\"https:\\\/\\\/lumynescence.fr\\\/index.php\\\/l3-ce-qui-nous-anime\\\/#breadcrumb\"},\"inLanguage\":\"fr-FR\",\"potentialAction\":[{\"@type\":\"ReadAction\",\"target\":[\"https:\\\/\\\/lumynescence.fr\\\/index.php\\\/l3-ce-qui-nous-anime\\\/\"]}]},{\"@type\":\"ImageObject\",\"inLanguage\":\"fr-FR\",\"@id\":\"https:\\\/\\\/lumynescence.fr\\\/index.php\\\/l3-ce-qui-nous-anime\\\/#primaryimage\",\"url\":\"https:\\\/\\\/lumynescence.fr\\\/wp-content\\\/uploads\\\/2019\\\/06\\\/cequinousanime.jpeg\",\"contentUrl\":\"https:\\\/\\\/lumynescence.fr\\\/wp-content\\\/uploads\\\/2019\\\/06\\\/cequinousanime.jpeg\",\"width\":2000,\"height\":708},{\"@type\":\"BreadcrumbList\",\"@id\":\"https:\\\/\\\/lumynescence.fr\\\/index.php\\\/l3-ce-qui-nous-anime\\\/#breadcrumb\",\"itemListElement\":[{\"@type\":\"ListItem\",\"position\":1,\"name\":\"Accueil\",\"item\":\"https:\\\/\\\/lumynescence.fr\\\/\"},{\"@type\":\"ListItem\",\"position\":2,\"name\":\"L3-Ce qui nous anime\"}]},{\"@type\":\"WebSite\",\"@id\":\"https:\\\/\\\/lumynescence.fr\\\/#website\",\"url\":\"https:\\\/\\\/lumynescence.fr\\\/\",\"name\":\"\",\"description\":\"\",\"publisher\":{\"@id\":\"https:\\\/\\\/lumynescence.fr\\\/#organization\"},\"potentialAction\":[{\"@type\":\"SearchAction\",\"target\":{\"@type\":\"EntryPoint\",\"urlTemplate\":\"https:\\\/\\\/lumynescence.fr\\\/?s={search_term_string}\"},\"query-input\":{\"@type\":\"PropertyValueSpecification\",\"valueRequired\":true,\"valueName\":\"search_term_string\"}}],\"inLanguage\":\"fr-FR\"},{\"@type\":\"Organization\",\"@id\":\"https:\\\/\\\/lumynescence.fr\\\/#organization\",\"name\":\"LumYnescence\",\"url\":\"https:\\\/\\\/lumynescence.fr\\\/\",\"logo\":{\"@type\":\"ImageObject\",\"inLanguage\":\"fr-FR\",\"@id\":\"https:\\\/\\\/lumynescence.fr\\\/#\\\/schema\\\/logo\\\/image\\\/\",\"url\":\"http:\\\/\\\/lumynescence.fr\\\/wp-content\\\/uploads\\\/2019\\\/06\\\/Logo-Luminescence-Carr\u00e9-Centr\u00e9.png\",\"contentUrl\":\"http:\\\/\\\/lumynescence.fr\\\/wp-content\\\/uploads\\\/2019\\\/06\\\/Logo-Luminescence-Carr\u00e9-Centr\u00e9.png\",\"width\":300,\"height\":300,\"caption\":\"LumYnescence\"},\"image\":{\"@id\":\"https:\\\/\\\/lumynescence.fr\\\/#\\\/schema\\\/logo\\\/image\\\/\"},\"sameAs\":[\"http:\\\/\\\/linkedin.com\\\/in\\\/c\u00e9cile-fontaine-8b40b287\"]}]}<\/script>\n<!-- \/ Yoast SEO plugin. -->","yoast_head_json":{"title":"L3-Ce qui nous anime -","description":"Remettre l'Humain au Coeur de l'entreprise","robots":{"index":"index","follow":"follow","max-snippet":"max-snippet:-1","max-image-preview":"max-image-preview:large","max-video-preview":"max-video-preview:-1"},"canonical":"https:\/\/lumynescence.fr\/index.php\/l3-ce-qui-nous-anime\/","og_locale":"fr_FR","og_type":"article","og_title":"L3-Ce qui nous anime -","og_description":"Remettre l'Humain au Coeur de l'entreprise","og_url":"https:\/\/lumynescence.fr\/index.php\/l3-ce-qui-nous-anime\/","article_modified_time":"2025-01-22T16:38:16+00:00","og_image":[{"width":2000,"height":708,"url":"https:\/\/lumynescence.fr\/wp-content\/uploads\/2019\/06\/cequinousanime.jpeg","type":"image\/jpeg"}],"twitter_card":"summary_large_image","twitter_misc":{"Dur\u00e9e de lecture estim\u00e9e":"1 minute"},"schema":{"@context":"https:\/\/schema.org","@graph":[{"@type":"WebPage","@id":"https:\/\/lumynescence.fr\/index.php\/l3-ce-qui-nous-anime\/","url":"https:\/\/lumynescence.fr\/index.php\/l3-ce-qui-nous-anime\/","name":"L3-Ce qui nous anime -","isPartOf":{"@id":"https:\/\/lumynescence.fr\/#website"},"primaryImageOfPage":{"@id":"https:\/\/lumynescence.fr\/index.php\/l3-ce-qui-nous-anime\/#primaryimage"},"image":{"@id":"https:\/\/lumynescence.fr\/index.php\/l3-ce-qui-nous-anime\/#primaryimage"},"thumbnailUrl":"https:\/\/lumynescence.fr\/wp-content\/uploads\/2019\/06\/cequinousanime.jpeg","datePublished":"2019-06-21T11:44:57+00:00","dateModified":"2025-01-22T16:38:16+00:00","description":"Remettre l'Humain au Coeur de l'entreprise","breadcrumb":{"@id":"https:\/\/lumynescence.fr\/index.php\/l3-ce-qui-nous-anime\/#breadcrumb"},"inLanguage":"fr-FR","potentialAction":[{"@type":"ReadAction","target":["https:\/\/lumynescence.fr\/index.php\/l3-ce-qui-nous-anime\/"]}]},{"@type":"ImageObject","inLanguage":"fr-FR","@id":"https:\/\/lumynescence.fr\/index.php\/l3-ce-qui-nous-anime\/#primaryimage","url":"https:\/\/lumynescence.fr\/wp-content\/uploads\/2019\/06\/cequinousanime.jpeg","contentUrl":"https:\/\/lumynescence.fr\/wp-content\/uploads\/2019\/06\/cequinousanime.jpeg","width":2000,"height":708},{"@type":"BreadcrumbList","@id":"https:\/\/lumynescence.fr\/index.php\/l3-ce-qui-nous-anime\/#breadcrumb","itemListElement":[{"@type":"ListItem","position":1,"name":"Accueil","item":"https:\/\/lumynescence.fr\/"},{"@type":"ListItem","position":2,"name":"L3-Ce qui nous anime"}]},{"@type":"WebSite","@id":"https:\/\/lumynescence.fr\/#website","url":"https:\/\/lumynescence.fr\/","name":"","description":"","publisher":{"@id":"https:\/\/lumynescence.fr\/#organization"},"potentialAction":[{"@type":"SearchAction","target":{"@type":"EntryPoint","urlTemplate":"https:\/\/lumynescence.fr\/?s={search_term_string}"},"query-input":{"@type":"PropertyValueSpecification","valueRequired":true,"valueName":"search_term_string"}}],"inLanguage":"fr-FR"},{"@type":"Organization","@id":"https:\/\/lumynescence.fr\/#organization","name":"LumYnescence","url":"https:\/\/lumynescence.fr\/","logo":{"@type":"ImageObject","inLanguage":"fr-FR","@id":"https:\/\/lumynescence.fr\/#\/schema\/logo\/image\/","url":"http:\/\/lumynescence.fr\/wp-content\/uploads\/2019\/06\/Logo-Luminescence-Carr\u00e9-Centr\u00e9.png","contentUrl":"http:\/\/lumynescence.fr\/wp-content\/uploads\/2019\/06\/Logo-Luminescence-Carr\u00e9-Centr\u00e9.png","width":300,"height":300,"caption":"LumYnescence"},"image":{"@id":"https:\/\/lumynescence.fr\/#\/schema\/logo\/image\/"},"sameAs":["http:\/\/linkedin.com\/in\/c\u00e9cile-fontaine-8b40b287"]}]}},"_links":{"self":[{"href":"https:\/\/lumynescence.fr\/index.php\/wp-json\/wp\/v2\/pages\/162","targetHints":{"allow":["GET"]}}],"collection":[{"href":"https:\/\/lumynescence.fr\/index.php\/wp-json\/wp\/v2\/pages"}],"about":[{"href":"https:\/\/lumynescence.fr\/index.php\/wp-json\/wp\/v2\/types\/page"}],"author":[{"embeddable":true,"href":"https:\/\/lumynescence.fr\/index.php\/wp-json\/wp\/v2\/users\/3"}],"replies":[{"embeddable":true,"href":"https:\/\/lumynescence.fr\/index.php\/wp-json\/wp\/v2\/comments?post=162"}],"version-history":[{"count":30,"href":"https:\/\/lumynescence.fr\/index.php\/wp-json\/wp\/v2\/pages\/162\/revisions"}],"predecessor-version":[{"id":2408,"href":"https:\/\/lumynescence.fr\/index.php\/wp-json\/wp\/v2\/pages\/162\/revisions\/2408"}],"wp:featuredmedia":[{"embeddable":true,"href":"https:\/\/lumynescence.fr\/index.php\/wp-json\/wp\/v2\/media\/220"}],"wp:attachment":[{"href":"https:\/\/lumynescence.fr\/index.php\/wp-json\/wp\/v2\/media?parent=162"}],"curies":[{"name":"wp","href":"https:\/\/api.w.org\/{rel}","templated":true}]}}